{"id":13,"date":"2020-03-09T10:31:31","date_gmt":"2020-03-09T10:31:31","guid":{"rendered":"http:\/\/www.virtusadvocats.com\/?page_id=13"},"modified":"2026-02-17T15:44:32","modified_gmt":"2026-02-17T13:44:32","slug":"qui-som","status":"publish","type":"page","link":"https:\/\/www.virtusadvocats.com\/es\/sobre-nosotros\/","title":{"rendered":"Quienes somos"},"content":{"rendered":"<div class=\"wpb-content-wrapper\"><div data-parent=\"true\" class=\"vc_row row-container\" id=\"row-unique-0\"><div class=\"row-background background-element\">\n\t\t\t\t\t\t\t\t\t\t\t<div class=\"background-wrapper\">\n\t\t\t\t\t\t\t\t\t\t\t\t<div class=\"background-inner\" style=\"background-image: url(https:\/\/www.virtusadvocats.com\/wp-content\/uploads\/2020\/03\/qui-som.jpg);background-repeat: no-repeat;background-position: center center;background-attachment: scroll;background-size: cover;\"><\/div>\n\t\t\t\t\t\t\t\t\t\t\t\t<div class=\"block-bg-overlay style-color-627511-bg\" style=\"opacity: 0.1;\"><\/div>\n\t\t\t\t\t\t\t\t\t\t\t<\/div>\n\t\t\t\t\t\t\t\t\t\t<\/div><div class=\"row limit-width row-parent\" data-minheight=\"353\"><div class=\"wpb_row row-inner\"><div class=\"wpb_column pos-middle pos-center align_center column_parent col-lg-12 single-internal-gutter\"><div class=\"uncol style-spec style-dark\"  ><div class=\"uncoltable\"><div class=\"uncell no-block-padding\" ><div class=\"uncont\" ><div class=\"vc_custom_heading_wrap\"><div class=\"heading-text el-text\" ><\/p>\n<div class=\"servei_sup\">\n<h2>Quienes somos<\/h2>\n<\/div>\n<p>\n<\/div><div class=\"clear\"><\/div><\/div><\/div><\/div><\/div><\/div><\/div><script id=\"script-row-unique-0\" data-row=\"script-row-unique-0\" type=\"text\/javascript\" class=\"vc_controls\">UNCODE.initRow(document.getElementById(\"row-unique-0\"));<\/script><\/div><\/div><\/div><div data-parent=\"true\" class=\"vc_row row-container\" id=\"row-unique-1\"><div class=\"row limit-width row-parent\"><div class=\"wpb_row row-inner\"><div class=\"wpb_column pos-top pos-center align_left column_parent col-lg-12 single-internal-gutter\"><div class=\"uncol style-light\"  ><div class=\"uncoltable\"><div class=\"uncell\" ><div class=\"uncont no-block-padding col-custom-width\" style=\" max-width:70%;\" ><div class=\"uncode_text_column\" ><\/p>\n<div class=\"container w-750\" style=\"text-align: justify;\">\n<p><span style=\"font-size: 14pt;\"><strong>VIRTUS quiere acompa\u00f1aros en el desarrollo de sus retos, lo que se resume en nuestro lema: <i>Driving Projects<\/i>, con el objetivo de aportar valor a\u00f1adido y reforzar su competitividad. Con este objetivo hemos configurado un equipo multidisciplinar para poder ofrecer el mejor servicio integral.<\/strong><\/span><\/p>\n<p class=\"quisom02\" style=\"text-align: justify;\"><span style=\"font-size: 12pt;\">Renovamos y fusionamos dos proyectos asesorando a empresas y particulares en Andorra y Barcelona, manteniendo nuestra se\u00f1a de identidad: la proximidad e implicaci\u00f3n en los proyectos, con una reconocida especializaci\u00f3n en el asesoramiento laboral para trabajadores y empresas e inmigraci\u00f3n.<\/span><\/p>\n<p class=\"quisom02\" style=\"text-align: justify;\"><span style=\"font-size: 12pt;\">Una firma global para atender en Andorra y Barcelona aquellos particulares y empresas andorranas y espa\u00f1olas, cada vez m\u00e1s, que desarrollan su actividad en ambos pa\u00edses, a menudo como un primer paso para la internacionalizaci\u00f3n de su actividad, y que nos han pedido un conocimiento exhaustivo de las regulaciones de ambos pa\u00edses que asegure la correcta planificaci\u00f3n y gesti\u00f3n de sus proyectos empresariales.<\/span><\/p>\n<p class=\"quisom02\" style=\"text-align: justify;\"><span style=\"font-size: 12pt;\">En el mundo que nos ha tocado vivir, que evoluciona a pasos agigantados, debemos saber adaptarnos y asesorarnos con los profesionales adecuados que disponen de las herramientas necesarias, como las que podemos aportar. Hay que saber adaptarse: los cambios no son una amenaza, sino una oportunidad.<\/span><\/p>\n<p class=\"quisom02\" style=\"text-align: justify;\"><span style=\"font-size: 12pt;\">Hemos incorporado en nuestros servicios las \u00faltimas herramientas tecnol\u00f3gicas para automatizar procesos y hacer m\u00e1s \u00e1gil y segura la comunicaci\u00f3n y gesti\u00f3n de los asuntos de nuestros clientes, con la proximidad y personalizaci\u00f3n de siempre.<\/span><\/p>\n<p class=\"quisom02\" style=\"text-align: justify;\"><span style=\"font-size: 12pt;\">Nos encontrar\u00e1s en la <a href=\"https:\/\/www.google.com\/maps?ll=42.507087,1.530781&amp;z=17&amp;t=m&amp;hl=ca&amp;gl=AD&amp;mapclient=embed&amp;q=Carrer+Bonaventura+Riberaygua,+18+AD500+Andorra+la+Vella\" target=\"_blank\" rel=\"noopener noreferrer\"><!-- <i class=\"fas fa-map-marker-alt\">&nbsp;<\/i> --> <i class=\"wp-svg-location location\"><\/i> Calle Bonaventura Riberaygua n\u00famero 18, 1-1<\/a> a Andorra la Vella.<\/span><\/p>\n<p class=\"quisom02\" style=\"text-align: justify;\"><span style=\"font-size: 12pt;\">Nos gustar\u00eda poder compartir este proyecto contigo. Te invitamos a ponerte en contacto con nosotros para poder atender tus inquietudes, ya sea por tel\u00e9fono <a href=\"tel:00376707010\"><!-- <i class=\"fas fa-phone\">&nbsp;<\/i> --> <i class=\"wp-svg-phone phone\"><\/i> (+376) 70 70 10<\/a> ,o por correo electr\u00f3nico, <a href=\"mailto:virtus@virtusadvocats.com\"><!-- <i class=\"fas fa-envelope\">&nbsp;<\/i> --> <i class=\"wp-svg-mail-3 mail-3\"><\/i> virtus@virtusadvocats.com<\/a><\/span><\/p>\n<\/div>\n<p>\n<\/div><\/div><\/div><\/div><\/div><\/div><script id=\"script-row-unique-1\" data-row=\"script-row-unique-1\" type=\"text\/javascript\" class=\"vc_controls\">UNCODE.initRow(document.getElementById(\"row-unique-1\"));<\/script><\/div><\/div><\/div><div data-parent=\"true\" class=\"vc_row row-container\" id=\"row-unique-2\"><div class=\"row limit-width row-parent\"><div class=\"wpb_row row-inner\"><div class=\"wpb_column pos-middle pos-center align_center column_parent col-lg-12 single-internal-gutter\"><div class=\"uncol style-light\"  ><div class=\"uncoltable\"><div class=\"uncell no-block-padding\" ><div class=\"uncont\" ><div class=\"vc_custom_heading_wrap\"><div class=\"heading-text el-text\" ><\/p>\n<h2>Andorra<\/h2>\n<p>\n<\/div><div class=\"clear\"><\/div><\/div><div class=\"vc_row row-internal row-container\"><div class=\"row row-child\"><div class=\"wpb_row row-inner\"><div class=\"wpb_column pos-top pos-center align_center column_child col-lg-6 single-internal-gutter\"><div class=\"uncol style-light\" ><div class=\"uncoltable\"><div class=\"uncell no-block-padding\" ><div class=\"uncont\" ><div class=\"icon-box icon-box-top  icon-media-image\" ><div class=\"icon-box-icon fa-container\" ><span class=\"text-default-color btn-disable-hover\"><img decoding=\"async\" class=\"\" src=\"https:\/\/www.virtusadvocats.com\/wp-content\/uploads\/2020\/03\/meritxell_quisom.jpg\" width=\"500\" height=\"500\" alt=\"Meritxell Alarc\u00f3n\"  \/><\/span><\/div><div class=\"icon-box-content\"><div class=\"icon-box-heading icon-box-fa-1x\"><h4 class=\"h3\">Meritxell Alarc\u00f3n<\/h4><\/div><p><em>Socia directora y fundadora de Virtus Advocats<\/em><\/p>\n<h2><a href=\"mailto:malarcon@virtusadvocats.com\" target=\"_blank\" rel=\"noopener noreferrer\"><i class=\"wp-svg-mail-3 mail-3\"><\/i><\/a> <a href=\"https:\/\/www.linkedin.com\/in\/meritxell-alarc%C3%B3n-fern%C3%A1ndez-4a388ba8\/\" target=\"_blank\" rel=\"noopener noreferrer\"><i class=\"wp-svg-linkedin linkedin\"><\/i><\/a><\/h2>\n<\/div><\/div><\/div><\/div><\/div><\/div><\/div><div class=\"wpb_column pos-top pos-center align_center column_child col-lg-6 desktop-hidden tablet-hidden mobile-hidden single-internal-gutter\"><div class=\"uncol style-light\" ><div class=\"uncoltable\"><div class=\"uncell no-block-padding\" ><div class=\"uncont\" ><div class=\"icon-box icon-box-top  icon-media-image\" ><div class=\"icon-box-icon fa-container\" ><span class=\"text-default-color btn-disable-hover\"><img decoding=\"async\" class=\"\" src=\"https:\/\/www.virtusadvocats.com\/wp-content\/uploads\/2020\/03\/sss.jpg\" width=\"500\" height=\"500\" alt=\"Alerta informativa i transpar\u00e8ncia de tarifes, comissions i despeses efectivament aplicables als clients de les entitats operatives del sistema financer\"  \/><\/span><\/div><div class=\"icon-box-content\"><div class=\"icon-box-heading icon-box-fa-1x\"><h4 class=\"h3\">S\u00edlvia Borges<\/h4><\/div><p><em>Paralegal<\/em><\/p>\n<h2><a href=\"mailto:sborges@virtusadvocats.com\" target=\"_blank\" rel=\"noopener noreferrer\"><i class=\"wp-svg-mail-3 mail-3\"><\/i><\/a> <a href=\"https:\/\/www.linkedin.com\/in\/s%C3%ADlvia-borges-143732143\/\" target=\"_blank\" rel=\"noopener noreferrer\"><i class=\"wp-svg-linkedin linkedin\"><\/i><\/a><\/h2>\n<\/div><\/div><\/div><\/div><\/div><\/div><\/div><\/div><\/div><\/div><\/div><\/div><\/div><\/div><\/div><script id=\"script-row-unique-2\" data-row=\"script-row-unique-2\" type=\"text\/javascript\" class=\"vc_controls\">UNCODE.initRow(document.getElementById(\"row-unique-2\"));<\/script><\/div><\/div><\/div><div data-parent=\"true\" class=\"vc_row row-container\" id=\"row-unique-3\"><div class=\"row-background background-element\">\n\t\t\t\t\t\t\t\t\t\t\t<div class=\"background-wrapper\">\n\t\t\t\t\t\t\t\t\t\t\t\t<div class=\"background-inner\" style=\"background-image: url(https:\/\/www.virtusadvocats.com\/wp-content\/uploads\/2020\/03\/calltoaction.jpg);background-repeat: no-repeat;background-position: center center;background-attachment: scroll;background-size: cover;\"><\/div>\n\t\t\t\t\t\t\t\t\t\t\t\t\n\t\t\t\t\t\t\t\t\t\t\t<\/div>\n\t\t\t\t\t\t\t\t\t\t<\/div><div class=\"row limit-width row-parent\" data-minheight=\"258\"><div class=\"wpb_row row-inner\"><div class=\"wpb_column pos-middle pos-center align_center column_parent col-lg-12 single-internal-gutter\"><div class=\"uncol style-spec style-dark\"  ><div class=\"uncoltable\"><div class=\"uncell no-block-padding\" ><div class=\"uncont\" ><div class=\"vc_custom_heading_wrap\"><div class=\"heading-text el-text\" ><\/p>\n<h1>CONTACTA CON NOSOTROS<\/h1>\n<p>\n<\/div><div class=\"clear\"><\/div><\/div><span class=\"btn-container\" ><a role=\"button\"  href=\"https:\/\/www.virtusadvocats.com\/es\/contacte\/\" class=\"custom-link btn btn-xl border-width-0 btn-color-627511 btn-icon-left\" title=\"Contacto\"><i class=\"fa fa-envelope-o\"><\/i>ENVIA&#8217;NS LA TEVA CONSULTA<\/a><\/span><\/div><\/div><\/div><\/div><\/div><script id=\"script-row-unique-3\" data-row=\"script-row-unique-3\" type=\"text\/javascript\" class=\"vc_controls\">UNCODE.initRow(document.getElementById(\"row-unique-3\"));<\/script><\/div><\/div><\/div>\n<\/div>","protected":false},"excerpt":{"rendered":"Qui som VIRTUS vol acompanyar-vos en el desenvolupament dels vostres reptes, el que resumim en el nostre lema: Driving Projects, [...]","protected":false},"author":1,"featured_media":197,"parent":0,"menu_order":0,"comment_status":"closed","ping_status":"closed","template":"","meta":{"footnotes":""},"class_list":["post-13","page","type-page","status-publish","has-post-thumbnail","hentry"],"yoast_head":"<!-- This site is optimized with the Yoast SEO plugin v27.5 - https:\/\/yoast.com\/product\/yoast-seo-wordpress\/ -->\n<title>Virtus Advocats - Qui som, un equip multidisciplinari<\/title>\n<meta name=\"description\" content=\"VIRTUS vol acompanyar-vos en el desenvolupament dels vostres reptes i el que resumim en el nostre lema: Driving Projects.\" \/>\n<meta name=\"robots\" content=\"index, follow, max-snippet:-1, max-image-preview:large, max-video-preview:-1\" \/>\n<link rel=\"canonical\" href=\"https:\/\/www.virtusadvocats.com\/es\/qui-som\/\" \/>\n<meta property=\"og:locale\" content=\"es_ES\" \/>\n<meta property=\"og:type\" content=\"article\" \/>\n<meta property=\"og:title\" content=\"Virtus Advocats - Qui som, un equip multidisciplinari\" \/>\n<meta property=\"og:description\" content=\"VIRTUS vol acompanyar-vos en el desenvolupament dels vostres reptes i el que resumim en el nostre lema: Driving Projects.\" \/>\n<meta property=\"og:url\" content=\"https:\/\/www.virtusadvocats.com\/es\/qui-som\/\" \/>\n<meta property=\"og:site_name\" content=\"Virtus Advocats\" \/>\n<meta property=\"article:modified_time\" content=\"2026-02-17T13:44:32+00:00\" \/>\n<meta property=\"og:image\" content=\"https:\/\/www.virtusadvocats.com\/wp-content\/uploads\/2020\/03\/qui-som.jpg\" \/>\n\t<meta property=\"og:image:width\" content=\"1024\" \/>\n\t<meta property=\"og:image:height\" content=\"350\" \/>\n\t<meta property=\"og:image:type\" content=\"image\/jpeg\" \/>\n<meta name=\"twitter:card\" content=\"summary_large_image\" \/>\n<meta name=\"twitter:label1\" content=\"Est. reading time\" \/>\n\t<meta name=\"twitter:data1\" content=\"3 minutos\" \/>\n<script type=\"application\/ld+json\" class=\"yoast-schema-graph\">{\"@context\":\"https:\\\/\\\/schema.org\",\"@graph\":[{\"@type\":\"WebPage\",\"@id\":\"https:\\\/\\\/www.virtusadvocats.com\\\/qui-som\\\/\",\"url\":\"https:\\\/\\\/www.virtusadvocats.com\\\/qui-som\\\/\",\"name\":\"Virtus Advocats - Qui som, un equip multidisciplinari\",\"isPartOf\":{\"@id\":\"https:\\\/\\\/www.virtusadvocats.com\\\/#website\"},\"primaryImageOfPage\":{\"@id\":\"https:\\\/\\\/www.virtusadvocats.com\\\/qui-som\\\/#primaryimage\"},\"image\":{\"@id\":\"https:\\\/\\\/www.virtusadvocats.com\\\/qui-som\\\/#primaryimage\"},\"thumbnailUrl\":\"https:\\\/\\\/www.virtusadvocats.com\\\/wp-content\\\/uploads\\\/2020\\\/03\\\/qui-som.jpg\",\"datePublished\":\"2020-03-09T10:31:31+00:00\",\"dateModified\":\"2026-02-17T13:44:32+00:00\",\"description\":\"VIRTUS vol acompanyar-vos en el desenvolupament dels vostres reptes i el que resumim en el nostre lema: Driving Projects.\",\"breadcrumb\":{\"@id\":\"https:\\\/\\\/www.virtusadvocats.com\\\/qui-som\\\/#breadcrumb\"},\"inLanguage\":\"es-PE\",\"potentialAction\":[{\"@type\":\"ReadAction\",\"target\":[\"https:\\\/\\\/www.virtusadvocats.com\\\/qui-som\\\/\"]}]},{\"@type\":\"ImageObject\",\"inLanguage\":\"es-PE\",\"@id\":\"https:\\\/\\\/www.virtusadvocats.com\\\/qui-som\\\/#primaryimage\",\"url\":\"https:\\\/\\\/www.virtusadvocats.com\\\/wp-content\\\/uploads\\\/2020\\\/03\\\/qui-som.jpg\",\"contentUrl\":\"https:\\\/\\\/www.virtusadvocats.com\\\/wp-content\\\/uploads\\\/2020\\\/03\\\/qui-som.jpg\",\"width\":1024,\"height\":350,\"caption\":\"Qui som\"},{\"@type\":\"BreadcrumbList\",\"@id\":\"https:\\\/\\\/www.virtusadvocats.com\\\/qui-som\\\/#breadcrumb\",\"itemListElement\":[{\"@type\":\"ListItem\",\"position\":1,\"name\":\"Portada\",\"item\":\"https:\\\/\\\/www.virtusadvocats.com\\\/\"},{\"@type\":\"ListItem\",\"position\":2,\"name\":\"Qui som\"}]},{\"@type\":\"WebSite\",\"@id\":\"https:\\\/\\\/www.virtusadvocats.com\\\/#website\",\"url\":\"https:\\\/\\\/www.virtusadvocats.com\\\/\",\"name\":\"Virtus Advocats\",\"description\":\"Professionals del dret i de l&#039;economia\",\"publisher\":{\"@id\":\"https:\\\/\\\/www.virtusadvocats.com\\\/#organization\"},\"potentialAction\":[{\"@type\":\"SearchAction\",\"target\":{\"@type\":\"EntryPoint\",\"urlTemplate\":\"https:\\\/\\\/www.virtusadvocats.com\\\/?s={search_term_string}\"},\"query-input\":{\"@type\":\"PropertyValueSpecification\",\"valueRequired\":true,\"valueName\":\"search_term_string\"}}],\"inLanguage\":\"es-PE\"},{\"@type\":\"Organization\",\"@id\":\"https:\\\/\\\/www.virtusadvocats.com\\\/#organization\",\"name\":\"Virtus Advocats\",\"url\":\"https:\\\/\\\/www.virtusadvocats.com\\\/\",\"logo\":{\"@type\":\"ImageObject\",\"inLanguage\":\"es-PE\",\"@id\":\"https:\\\/\\\/www.virtusadvocats.com\\\/#\\\/schema\\\/logo\\\/image\\\/\",\"url\":\"https:\\\/\\\/www.virtusadvocats.com\\\/wp-content\\\/uploads\\\/2020\\\/04\\\/android-icon-192x192-1.png\",\"contentUrl\":\"https:\\\/\\\/www.virtusadvocats.com\\\/wp-content\\\/uploads\\\/2020\\\/04\\\/android-icon-192x192-1.png\",\"width\":192,\"height\":192,\"caption\":\"Virtus Advocats\"},\"image\":{\"@id\":\"https:\\\/\\\/www.virtusadvocats.com\\\/#\\\/schema\\\/logo\\\/image\\\/\"},\"sameAs\":[\"https:\\\/\\\/www.linkedin.com\\\/company\\\/virtus-advocats\\\/\"]}]}<\/script>\n<!-- \/ Yoast SEO plugin. -->","yoast_head_json":{"title":"Virtus Abogados - La compa\u00f1\u00eda, un equipo multidisciplinar","description":"VIRTUS vol acompanyar-vos en el desenvolupament dels vostres reptes i el que resumim en el nostre lema: Driving Projects.","robots":{"index":"index","follow":"follow","max-snippet":"max-snippet:-1","max-image-preview":"max-image-preview:large","max-video-preview":"max-video-preview:-1"},"canonical":"https:\/\/www.virtusadvocats.com\/es\/qui-som\/","og_locale":"es_ES","og_type":"article","og_title":"Virtus Advocats - Qui som, un equip multidisciplinari","og_description":"VIRTUS vol acompanyar-vos en el desenvolupament dels vostres reptes i el que resumim en el nostre lema: Driving Projects.","og_url":"https:\/\/www.virtusadvocats.com\/es\/qui-som\/","og_site_name":"Virtus Advocats","article_modified_time":"2026-02-17T13:44:32+00:00","og_image":[{"width":1024,"height":350,"url":"https:\/\/www.virtusadvocats.com\/wp-content\/uploads\/2020\/03\/qui-som.jpg","type":"image\/jpeg"}],"twitter_card":"summary_large_image","twitter_misc":{"Est. reading time":"3 minutos"},"schema":{"@context":"https:\/\/schema.org","@graph":[{"@type":"WebPage","@id":"https:\/\/www.virtusadvocats.com\/qui-som\/","url":"https:\/\/www.virtusadvocats.com\/qui-som\/","name":"Virtus Abogados - La compa\u00f1\u00eda, un equipo multidisciplinar","isPartOf":{"@id":"https:\/\/www.virtusadvocats.com\/#website"},"primaryImageOfPage":{"@id":"https:\/\/www.virtusadvocats.com\/qui-som\/#primaryimage"},"image":{"@id":"https:\/\/www.virtusadvocats.com\/qui-som\/#primaryimage"},"thumbnailUrl":"https:\/\/www.virtusadvocats.com\/wp-content\/uploads\/2020\/03\/qui-som.jpg","datePublished":"2020-03-09T10:31:31+00:00","dateModified":"2026-02-17T13:44:32+00:00","description":"VIRTUS vol acompanyar-vos en el desenvolupament dels vostres reptes i el que resumim en el nostre lema: Driving Projects.","breadcrumb":{"@id":"https:\/\/www.virtusadvocats.com\/qui-som\/#breadcrumb"},"inLanguage":"es-PE","potentialAction":[{"@type":"ReadAction","target":["https:\/\/www.virtusadvocats.com\/qui-som\/"]}]},{"@type":"ImageObject","inLanguage":"es-PE","@id":"https:\/\/www.virtusadvocats.com\/qui-som\/#primaryimage","url":"https:\/\/www.virtusadvocats.com\/wp-content\/uploads\/2020\/03\/qui-som.jpg","contentUrl":"https:\/\/www.virtusadvocats.com\/wp-content\/uploads\/2020\/03\/qui-som.jpg","width":1024,"height":350,"caption":"Qui som"},{"@type":"BreadcrumbList","@id":"https:\/\/www.virtusadvocats.com\/qui-som\/#breadcrumb","itemListElement":[{"@type":"ListItem","position":1,"name":"Portada","item":"https:\/\/www.virtusadvocats.com\/"},{"@type":"ListItem","position":2,"name":"Qui som"}]},{"@type":"WebSite","@id":"https:\/\/www.virtusadvocats.com\/#website","url":"https:\/\/www.virtusadvocats.com\/","name":"Virtus Advocats","description":"Professionals del dret i de l&#039;economia","publisher":{"@id":"https:\/\/www.virtusadvocats.com\/#organization"},"potentialAction":[{"@type":"SearchAction","target":{"@type":"EntryPoint","urlTemplate":"https:\/\/www.virtusadvocats.com\/?s={search_term_string}"},"query-input":{"@type":"PropertyValueSpecification","valueRequired":true,"valueName":"search_term_string"}}],"inLanguage":"es-PE"},{"@type":"Organization","@id":"https:\/\/www.virtusadvocats.com\/#organization","name":"Virtus Advocats","url":"https:\/\/www.virtusadvocats.com\/","logo":{"@type":"ImageObject","inLanguage":"es-PE","@id":"https:\/\/www.virtusadvocats.com\/#\/schema\/logo\/image\/","url":"https:\/\/www.virtusadvocats.com\/wp-content\/uploads\/2020\/04\/android-icon-192x192-1.png","contentUrl":"https:\/\/www.virtusadvocats.com\/wp-content\/uploads\/2020\/04\/android-icon-192x192-1.png","width":192,"height":192,"caption":"Virtus Advocats"},"image":{"@id":"https:\/\/www.virtusadvocats.com\/#\/schema\/logo\/image\/"},"sameAs":["https:\/\/www.linkedin.com\/company\/virtus-advocats\/"]}]}},"_links":{"self":[{"href":"https:\/\/www.virtusadvocats.com\/es\/wp-json\/wp\/v2\/pages\/13","targetHints":{"allow":["GET"]}}],"collection":[{"href":"https:\/\/www.virtusadvocats.com\/es\/wp-json\/wp\/v2\/pages"}],"about":[{"href":"https:\/\/www.virtusadvocats.com\/es\/wp-json\/wp\/v2\/types\/page"}],"author":[{"embeddable":true,"href":"https:\/\/www.virtusadvocats.com\/es\/wp-json\/wp\/v2\/users\/1"}],"replies":[{"embeddable":true,"href":"https:\/\/www.virtusadvocats.com\/es\/wp-json\/wp\/v2\/comments?post=13"}],"version-history":[{"count":80,"href":"https:\/\/www.virtusadvocats.com\/es\/wp-json\/wp\/v2\/pages\/13\/revisions"}],"predecessor-version":[{"id":2217,"href":"https:\/\/www.virtusadvocats.com\/es\/wp-json\/wp\/v2\/pages\/13\/revisions\/2217"}],"wp:featuredmedia":[{"embeddable":true,"href":"https:\/\/www.virtusadvocats.com\/es\/wp-json\/wp\/v2\/media\/197"}],"wp:attachment":[{"href":"https:\/\/www.virtusadvocats.com\/es\/wp-json\/wp\/v2\/media?parent=13"}],"curies":[{"name":"wp","href":"https:\/\/api.w.org\/{rel}","templated":true}]}}