{"id":68,"date":"2020-03-09T12:29:30","date_gmt":"2020-03-09T12:29:30","guid":{"rendered":"http:\/\/www.virtusadvocats.com\/?page_id=68"},"modified":"2021-05-11T12:28:56","modified_gmt":"2021-05-11T10:28:56","slug":"laboral","status":"publish","type":"page","link":"https:\/\/www.virtusadvocats.com\/es\/laboral\/","title":{"rendered":"Laboral"},"content":{"rendered":"<div class=\"wpb-content-wrapper\"><div data-parent=\"true\" class=\"vc_row row-container\" id=\"row-unique-0\"><div class=\"row-background background-element\">\n\t\t\t\t\t\t\t\t\t\t\t<div class=\"background-wrapper\">\n\t\t\t\t\t\t\t\t\t\t\t\t<div class=\"background-inner\" style=\"background-image: url(https:\/\/www.virtusadvocats.com\/wp-content\/uploads\/2020\/03\/virtus-laboral.png);background-repeat: no-repeat;background-position: center center;background-attachment: scroll;background-size: cover;\"><\/div>\n\t\t\t\t\t\t\t\t\t\t\t\t<div class=\"block-bg-overlay style-color-627511-bg\" style=\"opacity: 0.1;\"><\/div>\n\t\t\t\t\t\t\t\t\t\t\t<\/div>\n\t\t\t\t\t\t\t\t\t\t<\/div><div class=\"row limit-width row-parent\" data-minheight=\"353\"><div class=\"wpb_row row-inner\"><div class=\"wpb_column pos-middle pos-center align_center column_parent col-lg-12 single-internal-gutter\"><div class=\"uncol style-spec style-dark\"  ><div class=\"uncoltable\"><div class=\"uncell no-block-padding\" ><div class=\"uncont\" ><div class=\"vc_custom_heading_wrap\"><div class=\"heading-text el-text\" ><\/p>\n<h1>Laboral<\/h1>\n<p>\n<\/div><div class=\"clear\"><\/div><\/div><\/div><\/div><\/div><\/div><\/div><script id=\"script-row-unique-0\" data-row=\"script-row-unique-0\" type=\"text\/javascript\" class=\"vc_controls\">UNCODE.initRow(document.getElementById(\"row-unique-0\"));<\/script><\/div><\/div><\/div><div data-parent=\"true\" class=\"vc_row row-container\" id=\"row-unique-1\"><div class=\"row limit-width row-parent\"><div class=\"wpb_row row-inner\"><div class=\"wpb_column pos-middle pos-center align_center column_parent col-lg-12 single-internal-gutter\"><div class=\"uncol style-light\"  ><div class=\"uncoltable\"><div class=\"uncell no-block-padding\" ><div class=\"uncont\" ><div class=\"vc_custom_heading_wrap\"><div class=\"heading-text el-text\" ><h2 class=\"h2\" ><span><em>\u00bfTienes dudas?<br \/><\/span><span>Defiende tus derechos<\/em><\/span><\/h2><\/div><div class=\"clear\"><\/div><\/div><div class=\"vc_custom_heading_wrap\"><div class=\"heading-text el-text\" ><h2 class=\"h2\" ><span><\/p><\/span><span><h2 style=\"text-align: center;\"><a href=\"https:\/\/www.virtusadvocats.com\/es\/contacte\/\">\u00bfQu\u00e9 podemos hacer por ti?<\/a><\/h2><\/span><span><h3 class=\"servei01\" style=\"text-align: center;\">Assessorament laboral complet a empreses, institucions i treballadors, en l&#8217;\u00e0mbit col\u00b7lectiu i particular.<\/h3><\/span><span><p><\/span><\/h2><\/div><div class=\"clear\"><\/div><\/div><\/div><\/div><\/div><\/div><\/div><script id=\"script-row-unique-1\" data-row=\"script-row-unique-1\" type=\"text\/javascript\" class=\"vc_controls\">UNCODE.initRow(document.getElementById(\"row-unique-1\"));<\/script><\/div><\/div><\/div><div data-parent=\"true\" class=\"vc_row row-container\" id=\"row-unique-2\"><div class=\"row limit-width row-parent\"><div class=\"wpb_row row-inner\"><div class=\"wpb_column pos-top pos-center align_left column_parent col-lg-6 single-internal-gutter\"><div class=\"uncol style-light\"  ><div class=\"uncoltable\"><div class=\"uncell no-block-padding\" ><div class=\"uncont\" ><div class=\"vc_custom_heading_wrap\"><div class=\"heading-text el-text\" ><\/p>\n<h2>Empresa<\/h2>\n<p>\n<\/div><div class=\"clear\"><\/div><\/div><div class=\"uncode_text_column\" ><\/p>\n<p style=\"text-align: justify;\">Queremos que puedas dedicar tu tiempo y esfuerzos en tu actividad empresarial principal con la tranquilidad de saber que tus gestiones laborales est\u00e1n eficazmente cubiertas y atendidas por un equipo de profesionales que trabaja para ti. Del\u00e9ganos las actividades laborales y te gestionamos todas las necesidades que tengas en el \u00e1mbito de las relaciones laborales, con una perfecta aplicaci\u00f3n de las obligaciones legales vigentes y con un servicio de abogados laboralistas de confianza, cercanos y especializados.<\/p>\n<p>\n<\/div><\/div><\/div><\/div><\/div><\/div><div class=\"wpb_column pos-top pos-center align_left column_parent col-lg-6 single-internal-gutter\"><div class=\"uncol style-light\"  ><div class=\"uncoltable\"><div class=\"uncell no-block-padding\" ><div class=\"uncont\" ><div class=\"vc_custom_heading_wrap\"><div class=\"heading-text el-text\" ><\/p>\n<h2>Trabajador<\/h2>\n<p>\n<\/div><div class=\"clear\"><\/div><\/div><div class=\"uncode_text_column\" ><\/p>\n<p style=\"text-align: justify;\">A lo largo de nuestra vida laboral son muchas las situaciones en las que podemos necesitar el asesoramiento de un buen abogado laboral. A Virtus te inf\u00f3rmanos de tus derechos laborales.<\/p>\n<p>\n<\/div><\/div><\/div><\/div><\/div><\/div><script id=\"script-row-unique-2\" data-row=\"script-row-unique-2\" type=\"text\/javascript\" class=\"vc_controls\">UNCODE.initRow(document.getElementById(\"row-unique-2\"));<\/script><\/div><\/div><\/div><div data-parent=\"true\" class=\"vc_row row-container\" id=\"row-unique-3\"><div class=\"row limit-width row-parent\"><div class=\"wpb_row row-inner\"><div class=\"wpb_column pos-top pos-center align_left column_parent col-lg-12 single-internal-gutter\"><div class=\"uncol style-light\"  ><div class=\"uncoltable\"><div class=\"uncell no-block-padding\" ><div class=\"uncont\" ><div class=\"divider-wrapper\"  >\n    <hr class=\"unseparator border-default-color separator-no-padding\"  \/>\n<\/div>\n<\/div><\/div><\/div><\/div><\/div><script id=\"script-row-unique-3\" data-row=\"script-row-unique-3\" type=\"text\/javascript\" class=\"vc_controls\">UNCODE.initRow(document.getElementById(\"row-unique-3\"));<\/script><\/div><\/div><\/div><div data-parent=\"true\" class=\"vc_row row-container\" id=\"row-unique-4\"><div class=\"row limit-width row-parent\"><div class=\"wpb_row row-inner\"><div class=\"wpb_column pos-top pos-center align_left column_parent col-lg-12 single-internal-gutter\"><div class=\"uncol style-light\"  ><div class=\"uncoltable\"><div class=\"uncell no-block-padding\" ><div class=\"uncont\" ><div class=\"vc_custom_heading_wrap\"><div class=\"heading-text el-text\" ><h2 class=\"h2\" ><span><\/p><\/span><span><h2 style=\"text-align: center;\">Nuestros servicios<\/h2><\/span><span><p><\/span><\/h2><\/div><div class=\"clear\"><\/div><\/div><div class=\"vc_row row-internal row-container\"><div class=\"row row-child\"><div class=\"wpb_row row-inner\"><div class=\"wpb_column pos-top pos-center align_left column_child col-lg-6 single-internal-gutter\"><div class=\"uncol style-light\" ><div class=\"uncoltable\"><div class=\"uncell no-block-padding\" ><div class=\"uncont\" ><div class=\"vc_custom_heading_wrap\"><div class=\"heading-text el-text\" ><\/p>\n<h2>Para empresas<\/h2>\n<p>\n<\/div><div class=\"clear\"><\/div><\/div><div class=\"uncode_text_column\" ><\/p>\n<ul class=\"servei02\">\n<li style=\"text-align: justify;\">Servicio integral de Asesoramiento Laboral.<\/li>\n<li style=\"text-align: justify;\">Auditor\u00eda laboral.<\/li>\n<li style=\"text-align: justify;\">Redacci\u00f3n de todo tipo de contratos y novaciones de trabajo, de acuerdo con las necesidades, el funcionamiento y la estructura de cada empresa, con especial referencia a pactos de exclusividad, de no competencia y de confidencialidad.<\/li>\n<li style=\"text-align: justify;\">Cuestiones de movilidad geogr\u00e1fica y funcional y otras modificaciones sustanciales de las condiciones de trabajo.<\/li>\n<li style=\"text-align: justify;\">Jornada, vacaciones, faltas y sanciones de los empleados.<\/li>\n<li style=\"text-align: justify;\">Resoluci\u00f3n de la relaci\u00f3n laboral a instancias de la empresa y defensa jur\u00eddica en los procesos judiciales que pudieran plantearse.<\/li>\n<li style=\"text-align: justify;\">Contrataci\u00f3n y extinci\u00f3n de los contratos de trabajo de altos directivos, analizando las m\u00faltiples variedades de pactos posibles, como cl\u00e1usulas de blindaje y de no competencia, ajustadas a la empresa, a la Ley y al entorno de mercado.<\/li>\n<li style=\"text-align: justify;\">Contrataci\u00f3n laboral de extranjeros.<\/li>\n<li style=\"text-align: justify;\">Gesti\u00f3n de la huelga y otros conflictos colectivos.<\/li>\n<li style=\"text-align: justify;\">Representamos a la empresa en sus relaciones con los sindicatos.<\/li>\n<li style=\"text-align: justify;\">Transmisi\u00f3n \/ sucesi\u00f3n de empresa.<\/li>\n<li style=\"text-align: justify;\">Arbitraje y soluci\u00f3n extrajudicial de conflictos.<\/li>\n<li style=\"text-align: justify;\">Asistencia ante la Inspecci\u00f3n de Trabajo.<\/li>\n<li style=\"text-align: justify;\">Asesoramiento en materia de cotizaci\u00f3n.<\/li>\n<li style=\"text-align: justify;\">Liquidaci\u00f3n de deudas de la Seguridad Social.<\/li>\n<li style=\"text-align: justify;\">Recursos contenciosos-administrativos.<\/li>\n<li style=\"text-align: justify;\">Asesoramiento sobre los reg\u00edmenes de Seguridad Social aplicables a las diversas situaciones que puedan darse en el seno de la empresa.<\/li>\n<li style=\"text-align: justify;\">Asesoramiento sobre los reg\u00edmenes de Seguridad Social aplicables a las diversas situaciones que puedan darse en el seno de la empresa.<\/li>\n<li style=\"text-align: justify;\">Confecci\u00f3n de los boletines de salario (n\u00f3minas).<\/li>\n<li style=\"text-align: justify;\">Control de absentismo.<\/li>\n<li style=\"text-align: justify;\">Certificados por los servicios prestados.<\/li>\n<li style=\"text-align: justify;\">Certificado de retenciones.<\/li>\n<li style=\"text-align: justify;\">Gestiones administrativas para la obtenci\u00f3n del certificado digital.<\/li>\n<li style=\"text-align: justify;\">Declaraciones y pagos de las cotizaciones a la CASS.<\/li>\n<li style=\"text-align: justify;\">Altas, bajas y variaciones de empresas y trabajadores.<\/li>\n<\/ul>\n<p>\n<\/div><\/div><\/div><\/div><\/div><\/div><div class=\"wpb_column pos-top pos-center align_left column_child col-lg-6 single-internal-gutter\"><div class=\"uncol style-light\" ><div class=\"uncoltable\"><div class=\"uncell no-block-padding\" ><div class=\"uncont\" ><div class=\"vc_custom_heading_wrap\"><div class=\"heading-text el-text\" ><\/p>\n<h2>Para trabajadores<\/h2>\n<p>\n<\/div><div class=\"clear\"><\/div><\/div><div class=\"uncode_text_column\" ><\/p>\n<ul class=\"servei02\">\n<li style=\"text-align: justify;\">B\u00fasqueda y env\u00edo de disposiciones normativas<\/li>\n<li style=\"text-align: justify;\">Revisi\u00f3n y estudio de n\u00f3minas.<\/li>\n<li style=\"text-align: justify;\">Reconocimiento de derechos.<\/li>\n<li style=\"text-align: justify;\">Vacaciones y permisos.<\/li>\n<li style=\"text-align: justify;\">Impugnaci\u00f3n ante sanciones laborales.<\/li>\n<li style=\"text-align: justify;\">Asesoramiento ante casos de Mobbing.<\/li>\n<li style=\"text-align: justify;\">Defensa y representaci\u00f3n del trabajador en conflictos individuales planteados con la empresa durante la vigencia o despu\u00e9s de la extinci\u00f3n de la relaci\u00f3n laboral.<\/li>\n<li style=\"text-align: justify;\">Despidos: asistencia letrada en las v\u00eda judicial y administrativa previa.<\/li>\n<li style=\"text-align: justify;\">Reclamaciones de cantidad.<\/li>\n<\/ul>\n<p>\n<\/div><\/div><\/div><\/div><\/div><\/div><\/div><\/div><\/div><\/div><\/div><\/div><\/div><\/div><script id=\"script-row-unique-4\" data-row=\"script-row-unique-4\" type=\"text\/javascript\" class=\"vc_controls\">UNCODE.initRow(document.getElementById(\"row-unique-4\"));<\/script><\/div><\/div><\/div><div data-parent=\"true\" class=\"vc_row row-container\" id=\"row-unique-5\"><div class=\"row-background background-element\">\n\t\t\t\t\t\t\t\t\t\t\t<div class=\"background-wrapper\">\n\t\t\t\t\t\t\t\t\t\t\t\t<div class=\"background-inner\" style=\"background-image: url(https:\/\/www.virtusadvocats.com\/wp-content\/uploads\/2020\/03\/calltoaction.jpg);background-repeat: no-repeat;background-position: center center;background-attachment: scroll;background-size: cover;\"><\/div>\n\t\t\t\t\t\t\t\t\t\t\t\t\n\t\t\t\t\t\t\t\t\t\t\t<\/div>\n\t\t\t\t\t\t\t\t\t\t<\/div><div class=\"row limit-width row-parent\"><div class=\"wpb_row row-inner\"><div class=\"wpb_column pos-middle pos-center align_center column_parent col-lg-12 single-internal-gutter\"><div class=\"uncol style-spec style-dark\"  ><div class=\"uncoltable\"><div class=\"uncell no-block-padding\" ><div class=\"uncont\" ><div class=\"vc_custom_heading_wrap\"><div class=\"heading-text el-text\" ><h2 class=\"h2\" ><span><\/p><\/span><span><h2 style=\"text-align: center;\">CONTACTA CON NOSOTROS<\/h2><\/span><span><p><\/span><\/h2><\/div><div class=\"clear\"><\/div><\/div><span class=\"btn-container\" ><a role=\"button\"  href=\"https:\/\/www.virtusadvocats.com\/es\/contacte\/\" class=\"custom-link btn btn-xl border-width-0 btn-color-627511 btn-icon-left\" title=\"Contacto\"><i class=\"fa fa-envelope-o\"><\/i>ENVIA&#8217;NS LA TEVA CONSULTA<\/a><\/span><\/div><\/div><\/div><\/div><\/div><script id=\"script-row-unique-5\" data-row=\"script-row-unique-5\" type=\"text\/javascript\" class=\"vc_controls\">UNCODE.initRow(document.getElementById(\"row-unique-5\"));<\/script><\/div><\/div><\/div>\n<\/div>","protected":false},"excerpt":{"rendered":"Laboral Tens dubtes?Defensa els teus dretsQu\u00e8 podem fer per tu?Assessorament laboral complet a empreses, institucions i treballadors, en l'\u00e0mbit col\u00b7lectiu [...]","protected":false},"author":1,"featured_media":124,"parent":0,"menu_order":0,"comment_status":"closed","ping_status":"closed","template":"","meta":{"footnotes":""},"class_list":["post-68","page","type-page","status-publish","has-post-thumbnail","hentry"],"yoast_head":"<!-- This site is optimized with the Yoast SEO plugin v27.5 - https:\/\/yoast.com\/product\/yoast-seo-wordpress\/ -->\n<title>Laboral: Assessorament complert a empreses i m\u00e9s - Virtus Advocats<\/title>\n<meta name=\"description\" content=\"Laboral: Assessorament laboral complet a empreses, institucions i treballadors, en l&#039;\u00e0mbit col\u00b7lectiu i particular. Contacta amb nosaltres.\" \/>\n<meta name=\"robots\" content=\"index, follow, max-snippet:-1, max-image-preview:large, max-video-preview:-1\" \/>\n<link rel=\"canonical\" href=\"https:\/\/www.virtusadvocats.com\/es\/laboral\/\" \/>\n<meta property=\"og:locale\" content=\"es_ES\" \/>\n<meta property=\"og:type\" content=\"article\" \/>\n<meta property=\"og:title\" content=\"Laboral: Assessorament complert a empreses i m\u00e9s - Virtus Advocats\" \/>\n<meta property=\"og:description\" content=\"Laboral: Assessorament laboral complet a empreses, institucions i treballadors, en l&#039;\u00e0mbit col\u00b7lectiu i particular. Contacta amb nosaltres.\" \/>\n<meta property=\"og:url\" content=\"https:\/\/www.virtusadvocats.com\/es\/laboral\/\" \/>\n<meta property=\"og:site_name\" content=\"Virtus Advocats\" \/>\n<meta property=\"article:modified_time\" content=\"2021-05-11T10:28:56+00:00\" \/>\n<meta property=\"og:image\" content=\"https:\/\/www.virtusadvocats.com\/wp-content\/uploads\/2020\/03\/virtus-laboral.png\" \/>\n\t<meta property=\"og:image:width\" content=\"831\" \/>\n\t<meta property=\"og:image:height\" content=\"600\" \/>\n\t<meta property=\"og:image:type\" content=\"image\/png\" \/>\n<meta name=\"twitter:card\" content=\"summary_large_image\" \/>\n<meta name=\"twitter:label1\" content=\"Est. reading time\" \/>\n\t<meta name=\"twitter:data1\" content=\"4 minutos\" \/>\n<script type=\"application\/ld+json\" class=\"yoast-schema-graph\">{\"@context\":\"https:\\\/\\\/schema.org\",\"@graph\":[{\"@type\":\"WebPage\",\"@id\":\"https:\\\/\\\/www.virtusadvocats.com\\\/laboral\\\/\",\"url\":\"https:\\\/\\\/www.virtusadvocats.com\\\/laboral\\\/\",\"name\":\"Laboral: Assessorament complert a empreses i m\u00e9s - Virtus Advocats\",\"isPartOf\":{\"@id\":\"https:\\\/\\\/www.virtusadvocats.com\\\/#website\"},\"primaryImageOfPage\":{\"@id\":\"https:\\\/\\\/www.virtusadvocats.com\\\/laboral\\\/#primaryimage\"},\"image\":{\"@id\":\"https:\\\/\\\/www.virtusadvocats.com\\\/laboral\\\/#primaryimage\"},\"thumbnailUrl\":\"https:\\\/\\\/www.virtusadvocats.com\\\/wp-content\\\/uploads\\\/2020\\\/03\\\/virtus-laboral.png\",\"datePublished\":\"2020-03-09T12:29:30+00:00\",\"dateModified\":\"2021-05-11T10:28:56+00:00\",\"description\":\"Laboral: Assessorament laboral complet a empreses, institucions i treballadors, en l'\u00e0mbit col\u00b7lectiu i particular. Contacta amb nosaltres.\",\"breadcrumb\":{\"@id\":\"https:\\\/\\\/www.virtusadvocats.com\\\/laboral\\\/#breadcrumb\"},\"inLanguage\":\"es-PE\",\"potentialAction\":[{\"@type\":\"ReadAction\",\"target\":[\"https:\\\/\\\/www.virtusadvocats.com\\\/laboral\\\/\"]}]},{\"@type\":\"ImageObject\",\"inLanguage\":\"es-PE\",\"@id\":\"https:\\\/\\\/www.virtusadvocats.com\\\/laboral\\\/#primaryimage\",\"url\":\"https:\\\/\\\/www.virtusadvocats.com\\\/wp-content\\\/uploads\\\/2020\\\/03\\\/virtus-laboral.png\",\"contentUrl\":\"https:\\\/\\\/www.virtusadvocats.com\\\/wp-content\\\/uploads\\\/2020\\\/03\\\/virtus-laboral.png\",\"width\":831,\"height\":600,\"caption\":\"Laboral\"},{\"@type\":\"BreadcrumbList\",\"@id\":\"https:\\\/\\\/www.virtusadvocats.com\\\/laboral\\\/#breadcrumb\",\"itemListElement\":[{\"@type\":\"ListItem\",\"position\":1,\"name\":\"Portada\",\"item\":\"https:\\\/\\\/www.virtusadvocats.com\\\/\"},{\"@type\":\"ListItem\",\"position\":2,\"name\":\"Laboral\"}]},{\"@type\":\"WebSite\",\"@id\":\"https:\\\/\\\/www.virtusadvocats.com\\\/#website\",\"url\":\"https:\\\/\\\/www.virtusadvocats.com\\\/\",\"name\":\"Virtus Advocats\",\"description\":\"Professionals del dret i de l&#039;economia\",\"publisher\":{\"@id\":\"https:\\\/\\\/www.virtusadvocats.com\\\/#organization\"},\"potentialAction\":[{\"@type\":\"SearchAction\",\"target\":{\"@type\":\"EntryPoint\",\"urlTemplate\":\"https:\\\/\\\/www.virtusadvocats.com\\\/?s={search_term_string}\"},\"query-input\":{\"@type\":\"PropertyValueSpecification\",\"valueRequired\":true,\"valueName\":\"search_term_string\"}}],\"inLanguage\":\"es-PE\"},{\"@type\":\"Organization\",\"@id\":\"https:\\\/\\\/www.virtusadvocats.com\\\/#organization\",\"name\":\"Virtus Advocats\",\"url\":\"https:\\\/\\\/www.virtusadvocats.com\\\/\",\"logo\":{\"@type\":\"ImageObject\",\"inLanguage\":\"es-PE\",\"@id\":\"https:\\\/\\\/www.virtusadvocats.com\\\/#\\\/schema\\\/logo\\\/image\\\/\",\"url\":\"https:\\\/\\\/www.virtusadvocats.com\\\/wp-content\\\/uploads\\\/2020\\\/04\\\/android-icon-192x192-1.png\",\"contentUrl\":\"https:\\\/\\\/www.virtusadvocats.com\\\/wp-content\\\/uploads\\\/2020\\\/04\\\/android-icon-192x192-1.png\",\"width\":192,\"height\":192,\"caption\":\"Virtus Advocats\"},\"image\":{\"@id\":\"https:\\\/\\\/www.virtusadvocats.com\\\/#\\\/schema\\\/logo\\\/image\\\/\"},\"sameAs\":[\"https:\\\/\\\/www.linkedin.com\\\/company\\\/virtus-advocats\\\/\"]}]}<\/script>\n<!-- \/ Yoast SEO plugin. -->","yoast_head_json":{"title":"Laboral: Asesoramiento completo a empresas y m\u00e1s - Virtus Abogados","description":"Laboral: Assessorament laboral complet a empreses, institucions i treballadors, en l'\u00e0mbit col\u00b7lectiu i particular. Contacta amb nosaltres.","robots":{"index":"index","follow":"follow","max-snippet":"max-snippet:-1","max-image-preview":"max-image-preview:large","max-video-preview":"max-video-preview:-1"},"canonical":"https:\/\/www.virtusadvocats.com\/es\/laboral\/","og_locale":"es_ES","og_type":"article","og_title":"Laboral: Assessorament complert a empreses i m\u00e9s - Virtus Advocats","og_description":"Laboral: Assessorament laboral complet a empreses, institucions i treballadors, en l'\u00e0mbit col\u00b7lectiu i particular. Contacta amb nosaltres.","og_url":"https:\/\/www.virtusadvocats.com\/es\/laboral\/","og_site_name":"Virtus Advocats","article_modified_time":"2021-05-11T10:28:56+00:00","og_image":[{"width":831,"height":600,"url":"https:\/\/www.virtusadvocats.com\/wp-content\/uploads\/2020\/03\/virtus-laboral.png","type":"image\/png"}],"twitter_card":"summary_large_image","twitter_misc":{"Est. reading time":"4 minutos"},"schema":{"@context":"https:\/\/schema.org","@graph":[{"@type":"WebPage","@id":"https:\/\/www.virtusadvocats.com\/laboral\/","url":"https:\/\/www.virtusadvocats.com\/laboral\/","name":"Laboral: Asesoramiento completo a empresas y m\u00e1s - Virtus Abogados","isPartOf":{"@id":"https:\/\/www.virtusadvocats.com\/#website"},"primaryImageOfPage":{"@id":"https:\/\/www.virtusadvocats.com\/laboral\/#primaryimage"},"image":{"@id":"https:\/\/www.virtusadvocats.com\/laboral\/#primaryimage"},"thumbnailUrl":"https:\/\/www.virtusadvocats.com\/wp-content\/uploads\/2020\/03\/virtus-laboral.png","datePublished":"2020-03-09T12:29:30+00:00","dateModified":"2021-05-11T10:28:56+00:00","description":"Laboral: Assessorament laboral complet a empreses, institucions i treballadors, en l'\u00e0mbit col\u00b7lectiu i particular. Contacta amb nosaltres.","breadcrumb":{"@id":"https:\/\/www.virtusadvocats.com\/laboral\/#breadcrumb"},"inLanguage":"es-PE","potentialAction":[{"@type":"ReadAction","target":["https:\/\/www.virtusadvocats.com\/laboral\/"]}]},{"@type":"ImageObject","inLanguage":"es-PE","@id":"https:\/\/www.virtusadvocats.com\/laboral\/#primaryimage","url":"https:\/\/www.virtusadvocats.com\/wp-content\/uploads\/2020\/03\/virtus-laboral.png","contentUrl":"https:\/\/www.virtusadvocats.com\/wp-content\/uploads\/2020\/03\/virtus-laboral.png","width":831,"height":600,"caption":"Laboral"},{"@type":"BreadcrumbList","@id":"https:\/\/www.virtusadvocats.com\/laboral\/#breadcrumb","itemListElement":[{"@type":"ListItem","position":1,"name":"Portada","item":"https:\/\/www.virtusadvocats.com\/"},{"@type":"ListItem","position":2,"name":"Laboral"}]},{"@type":"WebSite","@id":"https:\/\/www.virtusadvocats.com\/#website","url":"https:\/\/www.virtusadvocats.com\/","name":"Virtus Advocats","description":"Professionals del dret i de l&#039;economia","publisher":{"@id":"https:\/\/www.virtusadvocats.com\/#organization"},"potentialAction":[{"@type":"SearchAction","target":{"@type":"EntryPoint","urlTemplate":"https:\/\/www.virtusadvocats.com\/?s={search_term_string}"},"query-input":{"@type":"PropertyValueSpecification","valueRequired":true,"valueName":"search_term_string"}}],"inLanguage":"es-PE"},{"@type":"Organization","@id":"https:\/\/www.virtusadvocats.com\/#organization","name":"Virtus Advocats","url":"https:\/\/www.virtusadvocats.com\/","logo":{"@type":"ImageObject","inLanguage":"es-PE","@id":"https:\/\/www.virtusadvocats.com\/#\/schema\/logo\/image\/","url":"https:\/\/www.virtusadvocats.com\/wp-content\/uploads\/2020\/04\/android-icon-192x192-1.png","contentUrl":"https:\/\/www.virtusadvocats.com\/wp-content\/uploads\/2020\/04\/android-icon-192x192-1.png","width":192,"height":192,"caption":"Virtus Advocats"},"image":{"@id":"https:\/\/www.virtusadvocats.com\/#\/schema\/logo\/image\/"},"sameAs":["https:\/\/www.linkedin.com\/company\/virtus-advocats\/"]}]}},"_links":{"self":[{"href":"https:\/\/www.virtusadvocats.com\/es\/wp-json\/wp\/v2\/pages\/68","targetHints":{"allow":["GET"]}}],"collection":[{"href":"https:\/\/www.virtusadvocats.com\/es\/wp-json\/wp\/v2\/pages"}],"about":[{"href":"https:\/\/www.virtusadvocats.com\/es\/wp-json\/wp\/v2\/types\/page"}],"author":[{"embeddable":true,"href":"https:\/\/www.virtusadvocats.com\/es\/wp-json\/wp\/v2\/users\/1"}],"replies":[{"embeddable":true,"href":"https:\/\/www.virtusadvocats.com\/es\/wp-json\/wp\/v2\/comments?post=68"}],"version-history":[{"count":21,"href":"https:\/\/www.virtusadvocats.com\/es\/wp-json\/wp\/v2\/pages\/68\/revisions"}],"predecessor-version":[{"id":1157,"href":"https:\/\/www.virtusadvocats.com\/es\/wp-json\/wp\/v2\/pages\/68\/revisions\/1157"}],"wp:featuredmedia":[{"embeddable":true,"href":"https:\/\/www.virtusadvocats.com\/es\/wp-json\/wp\/v2\/media\/124"}],"wp:attachment":[{"href":"https:\/\/www.virtusadvocats.com\/es\/wp-json\/wp\/v2\/media?parent=68"}],"curies":[{"name":"wp","href":"https:\/\/api.w.org\/{rel}","templated":true}]}}