{"id":68,"date":"2020-03-09T12:29:30","date_gmt":"2020-03-09T12:29:30","guid":{"rendered":"http:\/\/www.virtusadvocats.com\/?page_id=68"},"modified":"2021-05-11T12:28:56","modified_gmt":"2021-05-11T10:28:56","slug":"laboral","status":"publish","type":"page","link":"https:\/\/www.virtusadvocats.com\/fr\/travail\/","title":{"rendered":"Droit du travail"},"content":{"rendered":"<div class=\"wpb-content-wrapper\"><div data-parent=\"true\" class=\"vc_row row-container\" id=\"row-unique-0\"><div class=\"row-background background-element\">\n\t\t\t\t\t\t\t\t\t\t\t<div class=\"background-wrapper\">\n\t\t\t\t\t\t\t\t\t\t\t\t<div class=\"background-inner\" style=\"background-image: url(https:\/\/www.virtusadvocats.com\/wp-content\/uploads\/2020\/03\/virtus-laboral.png);background-repeat: no-repeat;background-position: center center;background-attachment: scroll;background-size: cover;\"><\/div>\n\t\t\t\t\t\t\t\t\t\t\t\t<div class=\"block-bg-overlay style-color-627511-bg\" style=\"opacity: 0.1;\"><\/div>\n\t\t\t\t\t\t\t\t\t\t\t<\/div>\n\t\t\t\t\t\t\t\t\t\t<\/div><div class=\"row limit-width row-parent\" data-minheight=\"353\"><div class=\"wpb_row row-inner\"><div class=\"wpb_column pos-middle pos-center align_center column_parent col-lg-12 single-internal-gutter\"><div class=\"uncol style-spec style-dark\"  ><div class=\"uncoltable\"><div class=\"uncell no-block-padding\" ><div class=\"uncont\" ><div class=\"vc_custom_heading_wrap\"><div class=\"heading-text el-text\" ><\/p>\n<h1>Droit du travail<\/h1>\n<p>\n<\/div><div class=\"clear\"><\/div><\/div><\/div><\/div><\/div><\/div><\/div><script id=\"script-row-unique-0\" data-row=\"script-row-unique-0\" type=\"text\/javascript\" class=\"vc_controls\">UNCODE.initRow(document.getElementById(\"row-unique-0\"));<\/script><\/div><\/div><\/div><div data-parent=\"true\" class=\"vc_row row-container\" id=\"row-unique-1\"><div class=\"row limit-width row-parent\"><div class=\"wpb_row row-inner\"><div class=\"wpb_column pos-middle pos-center align_center column_parent col-lg-12 single-internal-gutter\"><div class=\"uncol style-light\"  ><div class=\"uncoltable\"><div class=\"uncell no-block-padding\" ><div class=\"uncont\" ><div class=\"vc_custom_heading_wrap\"><div class=\"heading-text el-text\" ><h2 class=\"h2\" ><span><em>Avez-vous des doutes?<br \/><\/span><span>Faire valoir vos droits<\/em><\/span><\/h2><\/div><div class=\"clear\"><\/div><\/div><div class=\"vc_custom_heading_wrap\"><div class=\"heading-text el-text\" ><h2 class=\"h2\" ><span><\/p><\/span><span><h2 style=\"text-align: center;\"><a href=\"https:\/\/www.virtusadvocats.com\/fr\/contacte\/\">Que pouvons-nous faire pour vous ?<\/a><\/h2><\/span><span><h3 class=\"servei01\" style=\"text-align: center;\">Assessorament laboral complet a empreses, institucions i treballadors, en l&#8217;\u00e0mbit col\u00b7lectiu i particular.<\/h3><\/span><span><p><\/span><\/h2><\/div><div class=\"clear\"><\/div><\/div><\/div><\/div><\/div><\/div><\/div><script id=\"script-row-unique-1\" data-row=\"script-row-unique-1\" type=\"text\/javascript\" class=\"vc_controls\">UNCODE.initRow(document.getElementById(\"row-unique-1\"));<\/script><\/div><\/div><\/div><div data-parent=\"true\" class=\"vc_row row-container\" id=\"row-unique-2\"><div class=\"row limit-width row-parent\"><div class=\"wpb_row row-inner\"><div class=\"wpb_column pos-top pos-center align_left column_parent col-lg-6 single-internal-gutter\"><div class=\"uncol style-light\"  ><div class=\"uncoltable\"><div class=\"uncell no-block-padding\" ><div class=\"uncont\" ><div class=\"vc_custom_heading_wrap\"><div class=\"heading-text el-text\" ><\/p>\n<h2>Entreprise<\/h2>\n<p>\n<\/div><div class=\"clear\"><\/div><\/div><div class=\"uncode_text_column\" ><\/p>\n<p style=\"text-align: justify;\">Nous voulons que vous puissiez consacrer votre temps et vos efforts \u00e0 votre activit\u00e9 principale en toute tranquillit\u00e9, sachant que vos dossiers relatifs au personnel sont efficacement couverts et g\u00e9r\u00e9s par une \u00e9quipe de professionnels qui travaille pour vous. D\u00e9l\u00e9guez-nous vos t\u00e2ches relatives \u00e0 la gestion du personnel et nous nous occuperons de tous les besoins que vous avez dans le domaine des relations de travail, avec une application parfaite des obligations l\u00e9gales en vigueur et avec un service d'avocats sp\u00e9cialis\u00e9s en droit du travail, de confiance et de proximit\u00e9.<\/p>\n<p>\n<\/div><\/div><\/div><\/div><\/div><\/div><div class=\"wpb_column pos-top pos-center align_left column_parent col-lg-6 single-internal-gutter\"><div class=\"uncol style-light\"  ><div class=\"uncoltable\"><div class=\"uncell no-block-padding\" ><div class=\"uncont\" ><div class=\"vc_custom_heading_wrap\"><div class=\"heading-text el-text\" ><\/p>\n<h2>Travailleur<\/h2>\n<p>\n<\/div><div class=\"clear\"><\/div><\/div><div class=\"uncode_text_column\" ><\/p>\n<p style=\"text-align: justify;\">Tout au long de notre vie professionnelle, elles sont nombreuses les situations dans lesquelles nous pouvons avoir besoin des conseils d'un bon avocat. Virtus vous informe de vos droits au travail.<\/p>\n<p>\n<\/div><\/div><\/div><\/div><\/div><\/div><script id=\"script-row-unique-2\" data-row=\"script-row-unique-2\" type=\"text\/javascript\" class=\"vc_controls\">UNCODE.initRow(document.getElementById(\"row-unique-2\"));<\/script><\/div><\/div><\/div><div data-parent=\"true\" class=\"vc_row row-container\" id=\"row-unique-3\"><div class=\"row limit-width row-parent\"><div class=\"wpb_row row-inner\"><div class=\"wpb_column pos-top pos-center align_left column_parent col-lg-12 single-internal-gutter\"><div class=\"uncol style-light\"  ><div class=\"uncoltable\"><div class=\"uncell no-block-padding\" ><div class=\"uncont\" ><div class=\"divider-wrapper\"  >\n    <hr class=\"unseparator border-default-color separator-no-padding\"  \/>\n<\/div>\n<\/div><\/div><\/div><\/div><\/div><script id=\"script-row-unique-3\" data-row=\"script-row-unique-3\" type=\"text\/javascript\" class=\"vc_controls\">UNCODE.initRow(document.getElementById(\"row-unique-3\"));<\/script><\/div><\/div><\/div><div data-parent=\"true\" class=\"vc_row row-container\" id=\"row-unique-4\"><div class=\"row limit-width row-parent\"><div class=\"wpb_row row-inner\"><div class=\"wpb_column pos-top pos-center align_left column_parent col-lg-12 single-internal-gutter\"><div class=\"uncol style-light\"  ><div class=\"uncoltable\"><div class=\"uncell no-block-padding\" ><div class=\"uncont\" ><div class=\"vc_custom_heading_wrap\"><div class=\"heading-text el-text\" ><h2 class=\"h2\" ><span><\/p><\/span><span><h2 style=\"text-align: center;\">Nos services<\/h2><\/span><span><p><\/span><\/h2><\/div><div class=\"clear\"><\/div><\/div><div class=\"vc_row row-internal row-container\"><div class=\"row row-child\"><div class=\"wpb_row row-inner\"><div class=\"wpb_column pos-top pos-center align_left column_child col-lg-6 single-internal-gutter\"><div class=\"uncol style-light\" ><div class=\"uncoltable\"><div class=\"uncell no-block-padding\" ><div class=\"uncont\" ><div class=\"vc_custom_heading_wrap\"><div class=\"heading-text el-text\" ><\/p>\n<h2>Pour les entreprises<\/h2>\n<p>\n<\/div><div class=\"clear\"><\/div><\/div><div class=\"uncode_text_column\" ><\/p>\n<ul class=\"servei02\">\n<li style=\"text-align: justify;\">Service complet de conseil en droit du travail.<\/li>\n<li style=\"text-align: justify;\">Audit social.<\/li>\n<li style=\"text-align: justify;\">R\u00e9daction de tous types de contrats de travail et avenants, en fonction des besoins, du fonctionnement et de la structure de chaque entreprise, avec une attention particuli\u00e8re aux clauses d'exclusivit\u00e9, de non-concurrence et de confidentialit\u00e9.<\/li>\n<li style=\"text-align: justify;\">Probl\u00e8mes de mobilit\u00e9 g\u00e9ographique et fonctionnelle et autres modifications substantielles des conditions de travail.<\/li>\n<li style=\"text-align: justify;\">Journ\u00e9e de travail, vacances, fautes et sanctions des employ\u00e9s.<\/li>\n<li style=\"text-align: justify;\">R\u00e9solution d'une relation de travail \u00e0 la demande de l'entreprise et d\u00e9fense juridique dans les proc\u00e9dures judiciaires pouvant survenir.<\/li>\n<li style=\"text-align: justify;\">Recrutement et licenciement de cadres sup\u00e9rieurs, en analysant les multiples vari\u00e9t\u00e9s d'accords possibles, tels que les clauses de primes et de non-concurrence, adapt\u00e9es \u00e0 l'entreprise, \u00e0 la loi et \u00e0 l'environnement du march\u00e9.<\/li>\n<li style=\"text-align: justify;\">Embauche de travailleurs \u00e9trangers.<\/li>\n<li style=\"text-align: justify;\">Gestion de gr\u00e8ve et autres conflits collectifs.<\/li>\n<li style=\"text-align: justify;\">Nous repr\u00e9sentons l'entreprise dans ses relations avec les syndicats.<\/li>\n<li style=\"text-align: justify;\">Transmission \/ succession d'entreprise.<\/li>\n<li style=\"text-align: justify;\">Arbitrage et r\u00e9solution extrajudiciaire des conflits.<\/li>\n<li style=\"text-align: justify;\">Conseils quant \u00e0 l'inspection du travail.<\/li>\n<li style=\"text-align: justify;\">Conseils en mati\u00e8re de cotisations.<\/li>\n<li style=\"text-align: justify;\">R\u00e8glement de dettes de la S\u00e9curit\u00e9 Sociale.<\/li>\n<li style=\"text-align: justify;\">Recours contentieux-administratifs.<\/li>\n<li style=\"text-align: justify;\">Assessorament sobre els r\u00e8gims de Seguretat Social aplicables a les diverses situacions que puguin donar-se en el si de l&#8217;empresa.<\/li>\n<li style=\"text-align: justify;\">Conseils sur les r\u00e9gimes de s\u00e9curit\u00e9 sociale applicables aux diff\u00e9rentes situations pouvant survenir dans l'entreprise.<\/li>\n<li style=\"text-align: justify;\">Gestion des bulletins de salaire.<\/li>\n<li style=\"text-align: justify;\">Contr\u00f4le de l'absent\u00e9isme.<\/li>\n<li style=\"text-align: justify;\">Certificats pour services rendus.<\/li>\n<li style=\"text-align: justify;\">Certificat de retenue.<\/li>\n<li style=\"text-align: justify;\">Proc\u00e9dures administratives pour l'obtention du certificat digital.<\/li>\n<li style=\"text-align: justify;\">D\u00e9clarations et paiements des cotisations \u00e0 la CASS.<\/li>\n<li style=\"text-align: justify;\">Formalisation d\u2019enregistrements initiaux, finaux et de variation des employ\u00e9s dans l\u2019entreprise<\/li>\n<\/ul>\n<p>\n<\/div><\/div><\/div><\/div><\/div><\/div><div class=\"wpb_column pos-top pos-center align_left column_child col-lg-6 single-internal-gutter\"><div class=\"uncol style-light\" ><div class=\"uncoltable\"><div class=\"uncell no-block-padding\" ><div class=\"uncont\" ><div class=\"vc_custom_heading_wrap\"><div class=\"heading-text el-text\" ><\/p>\n<h2>Pour les travailleurs<\/h2>\n<p>\n<\/div><div class=\"clear\"><\/div><\/div><div class=\"uncode_text_column\" ><\/p>\n<ul class=\"servei02\">\n<li style=\"text-align: justify;\">Recherche et soumission de dispositions r\u00e9glementaires<\/li>\n<li style=\"text-align: justify;\">V\u00e9rification et \u00e9tude de bulletins de paie<\/li>\n<li style=\"text-align: justify;\">Reconnaissance de droits.<\/li>\n<li style=\"text-align: justify;\">Vacances et cong\u00e9s.<\/li>\n<li style=\"text-align: justify;\">Contestation contre des sanctions au travail.<\/li>\n<li style=\"text-align: justify;\">Conseils en cas d\u2019Harc\u00e8lement.<\/li>\n<li style=\"text-align: justify;\">D\u00e9fense et repr\u00e9sentation du travailleur dans les conflits individuels qui se posent avec l'entreprise pendant la dur\u00e9e ou apr\u00e8s la cessation de la relation de travail.<\/li>\n<li style=\"text-align: justify;\">Licenciement : assistance juridique dans les d\u00e9marches judiciaires et administratives pr\u00e9alables.<\/li>\n<li style=\"text-align: justify;\">R\u00e9clamations de sommes dues<\/li>\n<\/ul>\n<p>\n<\/div><\/div><\/div><\/div><\/div><\/div><\/div><\/div><\/div><\/div><\/div><\/div><\/div><\/div><script id=\"script-row-unique-4\" data-row=\"script-row-unique-4\" type=\"text\/javascript\" class=\"vc_controls\">UNCODE.initRow(document.getElementById(\"row-unique-4\"));<\/script><\/div><\/div><\/div><div data-parent=\"true\" class=\"vc_row row-container\" id=\"row-unique-5\"><div class=\"row-background background-element\">\n\t\t\t\t\t\t\t\t\t\t\t<div class=\"background-wrapper\">\n\t\t\t\t\t\t\t\t\t\t\t\t<div class=\"background-inner\" style=\"background-image: url(https:\/\/www.virtusadvocats.com\/wp-content\/uploads\/2020\/03\/calltoaction.jpg);background-repeat: no-repeat;background-position: center center;background-attachment: scroll;background-size: cover;\"><\/div>\n\t\t\t\t\t\t\t\t\t\t\t\t\n\t\t\t\t\t\t\t\t\t\t\t<\/div>\n\t\t\t\t\t\t\t\t\t\t<\/div><div class=\"row limit-width row-parent\"><div class=\"wpb_row row-inner\"><div class=\"wpb_column pos-middle pos-center align_center column_parent col-lg-12 single-internal-gutter\"><div class=\"uncol style-spec style-dark\"  ><div class=\"uncoltable\"><div class=\"uncell no-block-padding\" ><div class=\"uncont\" ><div class=\"vc_custom_heading_wrap\"><div class=\"heading-text el-text\" ><h2 class=\"h2\" ><span><\/p><\/span><span><h2 style=\"text-align: center;\">CONTACTEZ-NOUS<\/h2><\/span><span><p><\/span><\/h2><\/div><div class=\"clear\"><\/div><\/div><span class=\"btn-container\" ><a role=\"button\"  href=\"https:\/\/www.virtusadvocats.com\/fr\/contacte\/\" class=\"custom-link btn btn-xl border-width-0 btn-color-627511 btn-icon-left\" title=\"Contactez-nois\"><i class=\"fa fa-envelope-o\"><\/i>ENVIA&#8217;NS LA TEVA CONSULTA<\/a><\/span><\/div><\/div><\/div><\/div><\/div><script id=\"script-row-unique-5\" data-row=\"script-row-unique-5\" type=\"text\/javascript\" class=\"vc_controls\">UNCODE.initRow(document.getElementById(\"row-unique-5\"));<\/script><\/div><\/div><\/div>\n<\/div>","protected":false},"excerpt":{"rendered":"Laboral Tens dubtes?Defensa els teus dretsQu\u00e8 podem fer per tu?Assessorament laboral complet a empreses, institucions i treballadors, en l'\u00e0mbit col\u00b7lectiu [...]","protected":false},"author":1,"featured_media":124,"parent":0,"menu_order":0,"comment_status":"closed","ping_status":"closed","template":"","meta":{"footnotes":""},"class_list":["post-68","page","type-page","status-publish","has-post-thumbnail","hentry"],"yoast_head":"<!-- This site is optimized with the Yoast SEO plugin v27.5 - https:\/\/yoast.com\/product\/yoast-seo-wordpress\/ -->\n<title>Laboral: Assessorament complert a empreses i m\u00e9s - Virtus Advocats<\/title>\n<meta name=\"description\" content=\"Laboral: Assessorament laboral complet a empreses, institucions i treballadors, en l&#039;\u00e0mbit col\u00b7lectiu i particular. Contacta amb nosaltres.\" \/>\n<meta name=\"robots\" content=\"index, follow, max-snippet:-1, max-image-preview:large, max-video-preview:-1\" \/>\n<link rel=\"canonical\" href=\"https:\/\/www.virtusadvocats.com\/fr\/laboral\/\" \/>\n<meta property=\"og:locale\" content=\"fr_FR\" \/>\n<meta property=\"og:type\" content=\"article\" \/>\n<meta property=\"og:title\" content=\"Laboral: Assessorament complert a empreses i m\u00e9s - Virtus Advocats\" \/>\n<meta property=\"og:description\" content=\"Laboral: Assessorament laboral complet a empreses, institucions i treballadors, en l&#039;\u00e0mbit col\u00b7lectiu i particular. Contacta amb nosaltres.\" \/>\n<meta property=\"og:url\" content=\"https:\/\/www.virtusadvocats.com\/fr\/laboral\/\" \/>\n<meta property=\"og:site_name\" content=\"Virtus Advocats\" \/>\n<meta property=\"article:modified_time\" content=\"2021-05-11T10:28:56+00:00\" \/>\n<meta property=\"og:image\" content=\"https:\/\/www.virtusadvocats.com\/wp-content\/uploads\/2020\/03\/virtus-laboral.png\" \/>\n\t<meta property=\"og:image:width\" content=\"831\" \/>\n\t<meta property=\"og:image:height\" content=\"600\" \/>\n\t<meta property=\"og:image:type\" content=\"image\/png\" \/>\n<meta name=\"twitter:card\" content=\"summary_large_image\" \/>\n<meta name=\"twitter:label1\" content=\"Dur\u00e9e de lecture estim\u00e9e\" \/>\n\t<meta name=\"twitter:data1\" content=\"4 minutes\" \/>\n<script type=\"application\/ld+json\" class=\"yoast-schema-graph\">{\"@context\":\"https:\\\/\\\/schema.org\",\"@graph\":[{\"@type\":\"WebPage\",\"@id\":\"https:\\\/\\\/www.virtusadvocats.com\\\/laboral\\\/\",\"url\":\"https:\\\/\\\/www.virtusadvocats.com\\\/laboral\\\/\",\"name\":\"Laboral: Assessorament complert a empreses i m\u00e9s - Virtus Advocats\",\"isPartOf\":{\"@id\":\"https:\\\/\\\/www.virtusadvocats.com\\\/#website\"},\"primaryImageOfPage\":{\"@id\":\"https:\\\/\\\/www.virtusadvocats.com\\\/laboral\\\/#primaryimage\"},\"image\":{\"@id\":\"https:\\\/\\\/www.virtusadvocats.com\\\/laboral\\\/#primaryimage\"},\"thumbnailUrl\":\"https:\\\/\\\/www.virtusadvocats.com\\\/wp-content\\\/uploads\\\/2020\\\/03\\\/virtus-laboral.png\",\"datePublished\":\"2020-03-09T12:29:30+00:00\",\"dateModified\":\"2021-05-11T10:28:56+00:00\",\"description\":\"Laboral: Assessorament laboral complet a empreses, institucions i treballadors, en l'\u00e0mbit col\u00b7lectiu i particular. Contacta amb nosaltres.\",\"breadcrumb\":{\"@id\":\"https:\\\/\\\/www.virtusadvocats.com\\\/laboral\\\/#breadcrumb\"},\"inLanguage\":\"fr-FR\",\"potentialAction\":[{\"@type\":\"ReadAction\",\"target\":[\"https:\\\/\\\/www.virtusadvocats.com\\\/laboral\\\/\"]}]},{\"@type\":\"ImageObject\",\"inLanguage\":\"fr-FR\",\"@id\":\"https:\\\/\\\/www.virtusadvocats.com\\\/laboral\\\/#primaryimage\",\"url\":\"https:\\\/\\\/www.virtusadvocats.com\\\/wp-content\\\/uploads\\\/2020\\\/03\\\/virtus-laboral.png\",\"contentUrl\":\"https:\\\/\\\/www.virtusadvocats.com\\\/wp-content\\\/uploads\\\/2020\\\/03\\\/virtus-laboral.png\",\"width\":831,\"height\":600,\"caption\":\"Laboral\"},{\"@type\":\"BreadcrumbList\",\"@id\":\"https:\\\/\\\/www.virtusadvocats.com\\\/laboral\\\/#breadcrumb\",\"itemListElement\":[{\"@type\":\"ListItem\",\"position\":1,\"name\":\"Portada\",\"item\":\"https:\\\/\\\/www.virtusadvocats.com\\\/\"},{\"@type\":\"ListItem\",\"position\":2,\"name\":\"Laboral\"}]},{\"@type\":\"WebSite\",\"@id\":\"https:\\\/\\\/www.virtusadvocats.com\\\/#website\",\"url\":\"https:\\\/\\\/www.virtusadvocats.com\\\/\",\"name\":\"Virtus Advocats\",\"description\":\"Professionals del dret i de l&#039;economia\",\"publisher\":{\"@id\":\"https:\\\/\\\/www.virtusadvocats.com\\\/#organization\"},\"potentialAction\":[{\"@type\":\"SearchAction\",\"target\":{\"@type\":\"EntryPoint\",\"urlTemplate\":\"https:\\\/\\\/www.virtusadvocats.com\\\/?s={search_term_string}\"},\"query-input\":{\"@type\":\"PropertyValueSpecification\",\"valueRequired\":true,\"valueName\":\"search_term_string\"}}],\"inLanguage\":\"fr-FR\"},{\"@type\":\"Organization\",\"@id\":\"https:\\\/\\\/www.virtusadvocats.com\\\/#organization\",\"name\":\"Virtus Advocats\",\"url\":\"https:\\\/\\\/www.virtusadvocats.com\\\/\",\"logo\":{\"@type\":\"ImageObject\",\"inLanguage\":\"fr-FR\",\"@id\":\"https:\\\/\\\/www.virtusadvocats.com\\\/#\\\/schema\\\/logo\\\/image\\\/\",\"url\":\"https:\\\/\\\/www.virtusadvocats.com\\\/wp-content\\\/uploads\\\/2020\\\/04\\\/android-icon-192x192-1.png\",\"contentUrl\":\"https:\\\/\\\/www.virtusadvocats.com\\\/wp-content\\\/uploads\\\/2020\\\/04\\\/android-icon-192x192-1.png\",\"width\":192,\"height\":192,\"caption\":\"Virtus Advocats\"},\"image\":{\"@id\":\"https:\\\/\\\/www.virtusadvocats.com\\\/#\\\/schema\\\/logo\\\/image\\\/\"},\"sameAs\":[\"https:\\\/\\\/www.linkedin.com\\\/company\\\/virtus-advocats\\\/\"]}]}<\/script>\n<!-- \/ Yoast SEO plugin. -->","yoast_head_json":{"title":"Travail: Conseil complet aux entreprises et plus - Virtus Advocats","description":"Laboral: Assessorament laboral complet a empreses, institucions i treballadors, en l'\u00e0mbit col\u00b7lectiu i particular. Contacta amb nosaltres.","robots":{"index":"index","follow":"follow","max-snippet":"max-snippet:-1","max-image-preview":"max-image-preview:large","max-video-preview":"max-video-preview:-1"},"canonical":"https:\/\/www.virtusadvocats.com\/fr\/laboral\/","og_locale":"fr_FR","og_type":"article","og_title":"Laboral: Assessorament complert a empreses i m\u00e9s - Virtus Advocats","og_description":"Laboral: Assessorament laboral complet a empreses, institucions i treballadors, en l'\u00e0mbit col\u00b7lectiu i particular. Contacta amb nosaltres.","og_url":"https:\/\/www.virtusadvocats.com\/fr\/laboral\/","og_site_name":"Virtus Advocats","article_modified_time":"2021-05-11T10:28:56+00:00","og_image":[{"width":831,"height":600,"url":"https:\/\/www.virtusadvocats.com\/wp-content\/uploads\/2020\/03\/virtus-laboral.png","type":"image\/png"}],"twitter_card":"summary_large_image","twitter_misc":{"Dur\u00e9e de lecture estim\u00e9e":"4 minutes"},"schema":{"@context":"https:\/\/schema.org","@graph":[{"@type":"WebPage","@id":"https:\/\/www.virtusadvocats.com\/laboral\/","url":"https:\/\/www.virtusadvocats.com\/laboral\/","name":"Travail: Conseil complet aux entreprises et plus - Virtus Advocats","isPartOf":{"@id":"https:\/\/www.virtusadvocats.com\/#website"},"primaryImageOfPage":{"@id":"https:\/\/www.virtusadvocats.com\/laboral\/#primaryimage"},"image":{"@id":"https:\/\/www.virtusadvocats.com\/laboral\/#primaryimage"},"thumbnailUrl":"https:\/\/www.virtusadvocats.com\/wp-content\/uploads\/2020\/03\/virtus-laboral.png","datePublished":"2020-03-09T12:29:30+00:00","dateModified":"2021-05-11T10:28:56+00:00","description":"Laboral: Assessorament laboral complet a empreses, institucions i treballadors, en l'\u00e0mbit col\u00b7lectiu i particular. Contacta amb nosaltres.","breadcrumb":{"@id":"https:\/\/www.virtusadvocats.com\/laboral\/#breadcrumb"},"inLanguage":"fr-FR","potentialAction":[{"@type":"ReadAction","target":["https:\/\/www.virtusadvocats.com\/laboral\/"]}]},{"@type":"ImageObject","inLanguage":"fr-FR","@id":"https:\/\/www.virtusadvocats.com\/laboral\/#primaryimage","url":"https:\/\/www.virtusadvocats.com\/wp-content\/uploads\/2020\/03\/virtus-laboral.png","contentUrl":"https:\/\/www.virtusadvocats.com\/wp-content\/uploads\/2020\/03\/virtus-laboral.png","width":831,"height":600,"caption":"Laboral"},{"@type":"BreadcrumbList","@id":"https:\/\/www.virtusadvocats.com\/laboral\/#breadcrumb","itemListElement":[{"@type":"ListItem","position":1,"name":"Portada","item":"https:\/\/www.virtusadvocats.com\/"},{"@type":"ListItem","position":2,"name":"Laboral"}]},{"@type":"WebSite","@id":"https:\/\/www.virtusadvocats.com\/#website","url":"https:\/\/www.virtusadvocats.com\/","name":"Virtus Advocats","description":"Professionals del dret i de l&#039;economia","publisher":{"@id":"https:\/\/www.virtusadvocats.com\/#organization"},"potentialAction":[{"@type":"SearchAction","target":{"@type":"EntryPoint","urlTemplate":"https:\/\/www.virtusadvocats.com\/?s={search_term_string}"},"query-input":{"@type":"PropertyValueSpecification","valueRequired":true,"valueName":"search_term_string"}}],"inLanguage":"fr-FR"},{"@type":"Organization","@id":"https:\/\/www.virtusadvocats.com\/#organization","name":"Virtus Advocats","url":"https:\/\/www.virtusadvocats.com\/","logo":{"@type":"ImageObject","inLanguage":"fr-FR","@id":"https:\/\/www.virtusadvocats.com\/#\/schema\/logo\/image\/","url":"https:\/\/www.virtusadvocats.com\/wp-content\/uploads\/2020\/04\/android-icon-192x192-1.png","contentUrl":"https:\/\/www.virtusadvocats.com\/wp-content\/uploads\/2020\/04\/android-icon-192x192-1.png","width":192,"height":192,"caption":"Virtus Advocats"},"image":{"@id":"https:\/\/www.virtusadvocats.com\/#\/schema\/logo\/image\/"},"sameAs":["https:\/\/www.linkedin.com\/company\/virtus-advocats\/"]}]}},"_links":{"self":[{"href":"https:\/\/www.virtusadvocats.com\/fr\/wp-json\/wp\/v2\/pages\/68","targetHints":{"allow":["GET"]}}],"collection":[{"href":"https:\/\/www.virtusadvocats.com\/fr\/wp-json\/wp\/v2\/pages"}],"about":[{"href":"https:\/\/www.virtusadvocats.com\/fr\/wp-json\/wp\/v2\/types\/page"}],"author":[{"embeddable":true,"href":"https:\/\/www.virtusadvocats.com\/fr\/wp-json\/wp\/v2\/users\/1"}],"replies":[{"embeddable":true,"href":"https:\/\/www.virtusadvocats.com\/fr\/wp-json\/wp\/v2\/comments?post=68"}],"version-history":[{"count":21,"href":"https:\/\/www.virtusadvocats.com\/fr\/wp-json\/wp\/v2\/pages\/68\/revisions"}],"predecessor-version":[{"id":1157,"href":"https:\/\/www.virtusadvocats.com\/fr\/wp-json\/wp\/v2\/pages\/68\/revisions\/1157"}],"wp:featuredmedia":[{"embeddable":true,"href":"https:\/\/www.virtusadvocats.com\/fr\/wp-json\/wp\/v2\/media\/124"}],"wp:attachment":[{"href":"https:\/\/www.virtusadvocats.com\/fr\/wp-json\/wp\/v2\/media?parent=68"}],"curies":[{"name":"wp","href":"https:\/\/api.w.org\/{rel}","templated":true}]}}