{"id":83,"date":"2020-03-09T12:33:17","date_gmt":"2020-03-09T12:33:17","guid":{"rendered":"http:\/\/www.virtusadvocats.com\/?page_id=83"},"modified":"2021-07-16T11:52:16","modified_gmt":"2021-07-16T09:52:16","slug":"immigracio","status":"publish","type":"page","link":"https:\/\/www.virtusadvocats.com\/fr\/immigration\/","title":{"rendered":"Immigration"},"content":{"rendered":"<div class=\"wpb-content-wrapper\"><div data-parent=\"true\" class=\"vc_row row-container\" id=\"row-unique-0\"><div class=\"row-background background-element\">\n\t\t\t\t\t\t\t\t\t\t\t<div class=\"background-wrapper\">\n\t\t\t\t\t\t\t\t\t\t\t\t<div class=\"background-inner\" style=\"background-image: url(https:\/\/www.virtusadvocats.com\/wp-content\/uploads\/2020\/03\/virtus-immigration.png);background-repeat: no-repeat;background-position: center center;background-attachment: scroll;background-size: cover;\"><\/div>\n\t\t\t\t\t\t\t\t\t\t\t\t<div class=\"block-bg-overlay style-color-627511-bg\" style=\"opacity: 0.1;\"><\/div>\n\t\t\t\t\t\t\t\t\t\t\t<\/div>\n\t\t\t\t\t\t\t\t\t\t<\/div><div class=\"row limit-width row-parent\" data-minheight=\"353\"><div class=\"wpb_row row-inner\"><div class=\"wpb_column pos-middle pos-center align_center column_parent col-lg-12 single-internal-gutter\"><div class=\"uncol style-spec style-dark\"  ><div class=\"uncoltable\"><div class=\"uncell no-block-padding\" ><div class=\"uncont\" ><div class=\"vc_custom_heading_wrap\"><div class=\"heading-text el-text\" ><\/p>\n<h1>Immigration<\/h1>\n<p>\n<\/div><div class=\"clear\"><\/div><\/div><\/div><\/div><\/div><\/div><\/div><script id=\"script-row-unique-0\" data-row=\"script-row-unique-0\" type=\"text\/javascript\" class=\"vc_controls\">UNCODE.initRow(document.getElementById(\"row-unique-0\"));<\/script><\/div><\/div><\/div><div data-parent=\"true\" class=\"vc_row row-container\" id=\"row-unique-1\"><div class=\"row limit-width row-parent\"><div class=\"wpb_row row-inner\"><div class=\"wpb_column pos-middle pos-center align_center column_parent col-lg-12 single-internal-gutter\"><div class=\"uncol style-light\"  ><div class=\"uncoltable\"><div class=\"uncell no-block-padding\" ><div class=\"uncont\" ><div class=\"vc_custom_heading_wrap\"><div class=\"heading-text el-text\" ><h2 class=\"h2\" ><span><\/p><\/span><span><h2 class=\"serveititol\"><em>Que pouvons-nous faire pour vous ?<\/em><\/h2><\/span><span><p><\/span><\/h2><\/div><div class=\"clear\"><\/div><\/div><div class=\"vc_custom_heading_wrap\"><div class=\"heading-text el-text\" ><\/p>\n<h2><a href=\"https:\/\/www.virtusadvocats.com\/fr\/contacte\/\">Comment vivre en Andorre ? Votre r\u00e9sidence en Andorre<\/a><\/h2>\n<p class=\"servei01\" style=\"text-align: justify;\">Pour l'obtention du permis de s\u00e9jour, vous devez satisfaire \u00e0 un certain nombre d'exigences. Nous vous conseillons et nous g\u00e9rons tout le processus pour obtenir votre permis selon vos besoins.<\/p>\n<p class=\"servei02\" style=\"text-align: justify;\">Nous travaillons pour acc\u00e9l\u00e9rer tous ces processus afin que les proc\u00e9dures d'obtention ou de renouvellement d'un permis de r\u00e9sidence et \/ ou de travail soient men\u00e9s \u00e0 terme dans les meilleurs d\u00e9lais. Nous g\u00e9rons \u00e9galement d'autres proc\u00e9dures d'importance vitale pour le bon fonctionnement de votre entreprise.<\/p>\n<p>\n<\/div><div class=\"clear\"><\/div><\/div><\/div><\/div><\/div><\/div><\/div><script id=\"script-row-unique-1\" data-row=\"script-row-unique-1\" type=\"text\/javascript\" class=\"vc_controls\">UNCODE.initRow(document.getElementById(\"row-unique-1\"));<\/script><\/div><\/div><\/div><div data-parent=\"true\" class=\"vc_row row-container\" id=\"row-unique-2\"><div class=\"row limit-width row-parent\"><div class=\"wpb_row row-inner\"><div class=\"wpb_column pos-top pos-center align_left column_parent col-lg-12 single-internal-gutter\"><div class=\"uncol style-light\"  ><div class=\"uncoltable\"><div class=\"uncell no-block-padding\" ><div class=\"uncont\" ><div class=\"divider-wrapper\"  >\n    <hr class=\"unseparator border-default-color separator-no-padding\"  \/>\n<\/div>\n<\/div><\/div><\/div><\/div><\/div><script id=\"script-row-unique-2\" data-row=\"script-row-unique-2\" type=\"text\/javascript\" class=\"vc_controls\">UNCODE.initRow(document.getElementById(\"row-unique-2\"));<\/script><\/div><\/div><\/div><div data-parent=\"true\" class=\"vc_row row-container\" id=\"row-unique-3\"><div class=\"row limit-width row-parent\"><div class=\"wpb_row row-inner\"><div class=\"wpb_column pos-top pos-center align_left column_parent col-lg-12 single-internal-gutter\"><div class=\"uncol style-light\"  ><div class=\"uncoltable\"><div class=\"uncell no-block-padding\" ><div class=\"uncont\" ><div class=\"vc_custom_heading_wrap\"><div class=\"heading-text el-text\" ><\/p>\n<h2>Nos services<\/h2>\n<p>\n<\/div><div class=\"clear\"><\/div><\/div><div class=\"vc_row row-internal row-container\"><div class=\"row row-child\"><div class=\"wpb_row row-inner\"><div class=\"wpb_column pos-top pos-center align_left column_child col-lg-6 single-internal-gutter\"><div class=\"uncol style-light\" ><div class=\"uncoltable\"><div class=\"uncell no-block-padding\" ><div class=\"uncont\" ><div class=\"vc_custom_heading_wrap\"><div class=\"heading-text el-text\" ><\/p>\n<h2>R\u00e9sidence active en Andorre:<\/h2>\n<p>\n<\/div><div class=\"clear\"><\/div><\/div><div class=\"uncode_text_column\" ><\/p>\n<ul class=\"servei02\">\n<li style=\"text-align: justify;\">Obtention et renouvellement des permis de s\u00e9jour et de travail actifs.<\/li>\n<li style=\"text-align: justify;\">Obtention et renouvellement des permis de r\u00e9sidence active et de travail ind\u00e9pendant.<\/li>\n<li style=\"text-align: justify;\">Obtention et renouvellement de permis de travail pour des entreprises \u00e9trang\u00e8res.<\/li>\n<li style=\"text-align: justify;\">Obtention et renouvellement des titres de s\u00e9jour actifs pour cause de regroupement.<\/li>\n<li style=\"text-align: justify;\">Obtention et renouvellement de permis de travail frontalier.<\/li>\n<li style=\"text-align: justify;\">Obtention et renouvellement des permis de s\u00e9jour et de travail actifs pour le personnel des \u00e9tablissements d'enseignement.<\/li>\n<li style=\"text-align: justify;\">Obtention et renouvellement de permis de s\u00e9jour pour des \u00e9tudes, des stages de formation, pour la pratique d'un sport \u00e0 haut niveau ou pour de la recherche.<\/li>\n<li style=\"text-align: justify;\">Obtention de permis de s\u00e9jour temporaire.<\/li>\n<\/ul>\n<p>\n<\/div><div class=\"vc_custom_heading_wrap\"><div class=\"heading-text el-text\" ><\/p>\n<h2>Autres<\/h2>\n<p>\n<\/div><div class=\"clear\"><\/div><\/div><div class=\"uncode_text_column\" ><\/p>\n<ul class=\"servei02 class-col-md-12\">\n<li>Obtention d'un duplicata d'une autorisation d'immigration.<\/li>\n<li>Obtenir du Certificat d'inscription.<\/li>\n<li>Obtention du certificat de d\u00e9part d\u00e9finitif du pays.<\/li>\n<\/ul>\n<p>\n<\/div><\/div><\/div><\/div><\/div><\/div><div class=\"wpb_column pos-top pos-center align_left column_child col-lg-6 single-internal-gutter\"><div class=\"uncol style-light\" ><div class=\"uncoltable\"><div class=\"uncell no-block-padding\" ><div class=\"uncont\" ><div class=\"vc_custom_heading_wrap\"><div class=\"heading-text el-text\" ><\/p>\n<h2>R\u00e9sidence passive en Andorre:<\/h2>\n<p>\n<\/div><div class=\"clear\"><\/div><\/div><div class=\"uncode_text_column\" ><\/p>\n<ul class=\"servei02\">\n<li style=\"text-align: justify;\">Proc\u00e9dures d'obtention et de renouvellement de la r\u00e9sidence passive sans activit\u00e9 lucrative.<\/li>\n<li style=\"text-align: justify;\">Proc\u00e9dures d'obtention et de renouvellement des titres de s\u00e9jour passifs pour des raisons d'int\u00e9r\u00eat scientifique et sportif.<\/li>\n<li style=\"text-align: justify;\">Traitement de l'obtention et du renouvellement des permis de s\u00e9jour passifs pour les professionnels \u00e0 projection internationale.<\/li>\n<li style=\"text-align: justify;\">Traitement de l'annulation de la r\u00e9sidence passive devant l'administration en cas d'annulation volontaire ou pour cause de d\u00e9c\u00e8s et\/ou autres.<\/li>\n<\/ul>\n<p>\n<\/div><\/div><\/div><\/div><\/div><\/div><\/div><\/div><\/div><\/div><\/div><\/div><\/div><\/div><script id=\"script-row-unique-3\" data-row=\"script-row-unique-3\" type=\"text\/javascript\" class=\"vc_controls\">UNCODE.initRow(document.getElementById(\"row-unique-3\"));<\/script><\/div><\/div><\/div><div data-parent=\"true\" class=\"vc_row row-container\" id=\"row-unique-4\"><div class=\"row-background background-element\">\n\t\t\t\t\t\t\t\t\t\t\t<div class=\"background-wrapper\">\n\t\t\t\t\t\t\t\t\t\t\t\t<div class=\"background-inner\" style=\"background-image: url(https:\/\/www.virtusadvocats.com\/wp-content\/uploads\/2020\/03\/calltoaction.jpg);background-repeat: no-repeat;background-position: center center;background-attachment: scroll;background-size: cover;\"><\/div>\n\t\t\t\t\t\t\t\t\t\t\t\t\n\t\t\t\t\t\t\t\t\t\t\t<\/div>\n\t\t\t\t\t\t\t\t\t\t<\/div><div class=\"row limit-width row-parent\" data-minheight=\"258\"><div class=\"wpb_row row-inner\"><div class=\"wpb_column pos-middle pos-center align_center column_parent col-lg-12 single-internal-gutter\"><div class=\"uncol style-spec style-dark\"  ><div class=\"uncoltable\"><div class=\"uncell no-block-padding\" ><div class=\"uncont\" ><div class=\"vc_custom_heading_wrap\"><div class=\"heading-text el-text\" ><\/p>\n<h2><span style=\"font-size: 12pt;\">POUR PLUS D'INFORMATIONS SUR VOTRE R\u00c9SIDENCE ET COMMENT VIVRE EN ANDORRE<\/span><\/h2>\n<p>\n<\/div><div class=\"clear\"><\/div><\/div><span class=\"btn-container\" ><a role=\"button\"  href=\"https:\/\/www.virtusadvocats.com\/fr\/contacte\/\" class=\"custom-link btn btn-xl border-width-0 btn-color-627511 btn-icon-left\" title=\"Contactez-nois\"><i class=\"fa fa-envelope-o\"><\/i>ENVIA&#8217;NS LA TEVA CONSULTA<\/a><\/span><\/div><\/div><\/div><\/div><\/div><script id=\"script-row-unique-4\" data-row=\"script-row-unique-4\" type=\"text\/javascript\" class=\"vc_controls\">UNCODE.initRow(document.getElementById(\"row-unique-4\"));<\/script><\/div><\/div><\/div>\n<\/div>","protected":false},"excerpt":{"rendered":"Immigraci\u00f3 Amb tu en cada pas del cam\u00edCom viure a Andorra? La teva resid\u00e8ncia a Andorra. Per obtenir el perm\u00eds [...]","protected":false},"author":1,"featured_media":128,"parent":0,"menu_order":0,"comment_status":"closed","ping_status":"closed","template":"","meta":{"footnotes":""},"class_list":["post-83","page","type-page","status-publish","has-post-thumbnail","hentry"],"yoast_head":"<!-- This site is optimized with the Yoast SEO plugin v27.5 - https:\/\/yoast.com\/product\/yoast-seo-wordpress\/ -->\n<title>Immigraci\u00f3: T\u2019assessorem i gestionem en tot el proc\u00e9s - Virtus Advocats<\/title>\n<meta name=\"description\" content=\"Per obtenir el perm\u00eds d\u2019immigraci\u00f3 \u00e9s necessari complir amb una s\u00e8rie de requisits. T\u2019assessorem i gestionem en tot el proc\u00e9s.\" \/>\n<meta name=\"robots\" content=\"index, follow, max-snippet:-1, max-image-preview:large, max-video-preview:-1\" \/>\n<link rel=\"canonical\" href=\"https:\/\/www.virtusadvocats.com\/fr\/immigracio\/\" \/>\n<meta property=\"og:locale\" content=\"fr_FR\" \/>\n<meta property=\"og:type\" content=\"article\" \/>\n<meta property=\"og:title\" content=\"Immigraci\u00f3: T\u2019assessorem i gestionem en tot el proc\u00e9s - Virtus Advocats\" \/>\n<meta property=\"og:description\" content=\"Per obtenir el perm\u00eds d\u2019immigraci\u00f3 \u00e9s necessari complir amb una s\u00e8rie de requisits. T\u2019assessorem i gestionem en tot el proc\u00e9s.\" \/>\n<meta property=\"og:url\" content=\"https:\/\/www.virtusadvocats.com\/fr\/immigracio\/\" \/>\n<meta property=\"og:site_name\" content=\"Virtus Advocats\" \/>\n<meta property=\"article:modified_time\" content=\"2021-07-16T09:52:16+00:00\" \/>\n<meta property=\"og:image\" content=\"https:\/\/www.virtusadvocats.com\/wp-content\/uploads\/2020\/03\/virtus-immigration.png\" \/>\n\t<meta property=\"og:image:width\" content=\"831\" \/>\n\t<meta property=\"og:image:height\" content=\"600\" \/>\n\t<meta property=\"og:image:type\" content=\"image\/png\" \/>\n<meta name=\"twitter:card\" content=\"summary_large_image\" \/>\n<meta name=\"twitter:label1\" content=\"Dur\u00e9e de lecture estim\u00e9e\" \/>\n\t<meta name=\"twitter:data1\" content=\"2 minutes\" \/>\n<script type=\"application\/ld+json\" class=\"yoast-schema-graph\">{\"@context\":\"https:\\\/\\\/schema.org\",\"@graph\":[{\"@type\":\"WebPage\",\"@id\":\"https:\\\/\\\/www.virtusadvocats.com\\\/immigracio\\\/\",\"url\":\"https:\\\/\\\/www.virtusadvocats.com\\\/immigracio\\\/\",\"name\":\"Immigraci\u00f3: T\u2019assessorem i gestionem en tot el proc\u00e9s - Virtus Advocats\",\"isPartOf\":{\"@id\":\"https:\\\/\\\/www.virtusadvocats.com\\\/#website\"},\"primaryImageOfPage\":{\"@id\":\"https:\\\/\\\/www.virtusadvocats.com\\\/immigracio\\\/#primaryimage\"},\"image\":{\"@id\":\"https:\\\/\\\/www.virtusadvocats.com\\\/immigracio\\\/#primaryimage\"},\"thumbnailUrl\":\"https:\\\/\\\/www.virtusadvocats.com\\\/wp-content\\\/uploads\\\/2020\\\/03\\\/virtus-immigration.png\",\"datePublished\":\"2020-03-09T12:33:17+00:00\",\"dateModified\":\"2021-07-16T09:52:16+00:00\",\"description\":\"Per obtenir el perm\u00eds d\u2019immigraci\u00f3 \u00e9s necessari complir amb una s\u00e8rie de requisits. T\u2019assessorem i gestionem en tot el proc\u00e9s.\",\"breadcrumb\":{\"@id\":\"https:\\\/\\\/www.virtusadvocats.com\\\/immigracio\\\/#breadcrumb\"},\"inLanguage\":\"fr-FR\",\"potentialAction\":[{\"@type\":\"ReadAction\",\"target\":[\"https:\\\/\\\/www.virtusadvocats.com\\\/immigracio\\\/\"]}]},{\"@type\":\"ImageObject\",\"inLanguage\":\"fr-FR\",\"@id\":\"https:\\\/\\\/www.virtusadvocats.com\\\/immigracio\\\/#primaryimage\",\"url\":\"https:\\\/\\\/www.virtusadvocats.com\\\/wp-content\\\/uploads\\\/2020\\\/03\\\/virtus-immigration.png\",\"contentUrl\":\"https:\\\/\\\/www.virtusadvocats.com\\\/wp-content\\\/uploads\\\/2020\\\/03\\\/virtus-immigration.png\",\"width\":831,\"height\":600,\"caption\":\"Advocats a Andorra\"},{\"@type\":\"BreadcrumbList\",\"@id\":\"https:\\\/\\\/www.virtusadvocats.com\\\/immigracio\\\/#breadcrumb\",\"itemListElement\":[{\"@type\":\"ListItem\",\"position\":1,\"name\":\"Portada\",\"item\":\"https:\\\/\\\/www.virtusadvocats.com\\\/\"},{\"@type\":\"ListItem\",\"position\":2,\"name\":\"Immigraci\u00f3\"}]},{\"@type\":\"WebSite\",\"@id\":\"https:\\\/\\\/www.virtusadvocats.com\\\/#website\",\"url\":\"https:\\\/\\\/www.virtusadvocats.com\\\/\",\"name\":\"Virtus Advocats\",\"description\":\"Professionals del dret i de l&#039;economia\",\"publisher\":{\"@id\":\"https:\\\/\\\/www.virtusadvocats.com\\\/#organization\"},\"potentialAction\":[{\"@type\":\"SearchAction\",\"target\":{\"@type\":\"EntryPoint\",\"urlTemplate\":\"https:\\\/\\\/www.virtusadvocats.com\\\/?s={search_term_string}\"},\"query-input\":{\"@type\":\"PropertyValueSpecification\",\"valueRequired\":true,\"valueName\":\"search_term_string\"}}],\"inLanguage\":\"fr-FR\"},{\"@type\":\"Organization\",\"@id\":\"https:\\\/\\\/www.virtusadvocats.com\\\/#organization\",\"name\":\"Virtus Advocats\",\"url\":\"https:\\\/\\\/www.virtusadvocats.com\\\/\",\"logo\":{\"@type\":\"ImageObject\",\"inLanguage\":\"fr-FR\",\"@id\":\"https:\\\/\\\/www.virtusadvocats.com\\\/#\\\/schema\\\/logo\\\/image\\\/\",\"url\":\"https:\\\/\\\/www.virtusadvocats.com\\\/wp-content\\\/uploads\\\/2020\\\/04\\\/android-icon-192x192-1.png\",\"contentUrl\":\"https:\\\/\\\/www.virtusadvocats.com\\\/wp-content\\\/uploads\\\/2020\\\/04\\\/android-icon-192x192-1.png\",\"width\":192,\"height\":192,\"caption\":\"Virtus Advocats\"},\"image\":{\"@id\":\"https:\\\/\\\/www.virtusadvocats.com\\\/#\\\/schema\\\/logo\\\/image\\\/\"},\"sameAs\":[\"https:\\\/\\\/www.linkedin.com\\\/company\\\/virtus-advocats\\\/\"]}]}<\/script>\n<!-- \/ Yoast SEO plugin. -->","yoast_head_json":{"title":"Immigration: Nous vous conseillons et vous encadrons tout au long du processus - Virtus Advocats","description":"Per obtenir el perm\u00eds d\u2019immigraci\u00f3 \u00e9s necessari complir amb una s\u00e8rie de requisits. T\u2019assessorem i gestionem en tot el proc\u00e9s.","robots":{"index":"index","follow":"follow","max-snippet":"max-snippet:-1","max-image-preview":"max-image-preview:large","max-video-preview":"max-video-preview:-1"},"canonical":"https:\/\/www.virtusadvocats.com\/fr\/immigracio\/","og_locale":"fr_FR","og_type":"article","og_title":"Immigraci\u00f3: T\u2019assessorem i gestionem en tot el proc\u00e9s - Virtus Advocats","og_description":"Per obtenir el perm\u00eds d\u2019immigraci\u00f3 \u00e9s necessari complir amb una s\u00e8rie de requisits. T\u2019assessorem i gestionem en tot el proc\u00e9s.","og_url":"https:\/\/www.virtusadvocats.com\/fr\/immigracio\/","og_site_name":"Virtus Advocats","article_modified_time":"2021-07-16T09:52:16+00:00","og_image":[{"width":831,"height":600,"url":"https:\/\/www.virtusadvocats.com\/wp-content\/uploads\/2020\/03\/virtus-immigration.png","type":"image\/png"}],"twitter_card":"summary_large_image","twitter_misc":{"Dur\u00e9e de lecture estim\u00e9e":"2 minutes"},"schema":{"@context":"https:\/\/schema.org","@graph":[{"@type":"WebPage","@id":"https:\/\/www.virtusadvocats.com\/immigracio\/","url":"https:\/\/www.virtusadvocats.com\/immigracio\/","name":"Immigration: Nous vous conseillons et vous encadrons tout au long du processus - Virtus Advocats","isPartOf":{"@id":"https:\/\/www.virtusadvocats.com\/#website"},"primaryImageOfPage":{"@id":"https:\/\/www.virtusadvocats.com\/immigracio\/#primaryimage"},"image":{"@id":"https:\/\/www.virtusadvocats.com\/immigracio\/#primaryimage"},"thumbnailUrl":"https:\/\/www.virtusadvocats.com\/wp-content\/uploads\/2020\/03\/virtus-immigration.png","datePublished":"2020-03-09T12:33:17+00:00","dateModified":"2021-07-16T09:52:16+00:00","description":"Per obtenir el perm\u00eds d\u2019immigraci\u00f3 \u00e9s necessari complir amb una s\u00e8rie de requisits. T\u2019assessorem i gestionem en tot el proc\u00e9s.","breadcrumb":{"@id":"https:\/\/www.virtusadvocats.com\/immigracio\/#breadcrumb"},"inLanguage":"fr-FR","potentialAction":[{"@type":"ReadAction","target":["https:\/\/www.virtusadvocats.com\/immigracio\/"]}]},{"@type":"ImageObject","inLanguage":"fr-FR","@id":"https:\/\/www.virtusadvocats.com\/immigracio\/#primaryimage","url":"https:\/\/www.virtusadvocats.com\/wp-content\/uploads\/2020\/03\/virtus-immigration.png","contentUrl":"https:\/\/www.virtusadvocats.com\/wp-content\/uploads\/2020\/03\/virtus-immigration.png","width":831,"height":600,"caption":"Advocats a Andorra"},{"@type":"BreadcrumbList","@id":"https:\/\/www.virtusadvocats.com\/immigracio\/#breadcrumb","itemListElement":[{"@type":"ListItem","position":1,"name":"Portada","item":"https:\/\/www.virtusadvocats.com\/"},{"@type":"ListItem","position":2,"name":"Immigraci\u00f3"}]},{"@type":"WebSite","@id":"https:\/\/www.virtusadvocats.com\/#website","url":"https:\/\/www.virtusadvocats.com\/","name":"Virtus Advocats","description":"Professionals del dret i de l&#039;economia","publisher":{"@id":"https:\/\/www.virtusadvocats.com\/#organization"},"potentialAction":[{"@type":"SearchAction","target":{"@type":"EntryPoint","urlTemplate":"https:\/\/www.virtusadvocats.com\/?s={search_term_string}"},"query-input":{"@type":"PropertyValueSpecification","valueRequired":true,"valueName":"search_term_string"}}],"inLanguage":"fr-FR"},{"@type":"Organization","@id":"https:\/\/www.virtusadvocats.com\/#organization","name":"Virtus Advocats","url":"https:\/\/www.virtusadvocats.com\/","logo":{"@type":"ImageObject","inLanguage":"fr-FR","@id":"https:\/\/www.virtusadvocats.com\/#\/schema\/logo\/image\/","url":"https:\/\/www.virtusadvocats.com\/wp-content\/uploads\/2020\/04\/android-icon-192x192-1.png","contentUrl":"https:\/\/www.virtusadvocats.com\/wp-content\/uploads\/2020\/04\/android-icon-192x192-1.png","width":192,"height":192,"caption":"Virtus Advocats"},"image":{"@id":"https:\/\/www.virtusadvocats.com\/#\/schema\/logo\/image\/"},"sameAs":["https:\/\/www.linkedin.com\/company\/virtus-advocats\/"]}]}},"_links":{"self":[{"href":"https:\/\/www.virtusadvocats.com\/fr\/wp-json\/wp\/v2\/pages\/83","targetHints":{"allow":["GET"]}}],"collection":[{"href":"https:\/\/www.virtusadvocats.com\/fr\/wp-json\/wp\/v2\/pages"}],"about":[{"href":"https:\/\/www.virtusadvocats.com\/fr\/wp-json\/wp\/v2\/types\/page"}],"author":[{"embeddable":true,"href":"https:\/\/www.virtusadvocats.com\/fr\/wp-json\/wp\/v2\/users\/1"}],"replies":[{"embeddable":true,"href":"https:\/\/www.virtusadvocats.com\/fr\/wp-json\/wp\/v2\/comments?post=83"}],"version-history":[{"count":13,"href":"https:\/\/www.virtusadvocats.com\/fr\/wp-json\/wp\/v2\/pages\/83\/revisions"}],"predecessor-version":[{"id":1202,"href":"https:\/\/www.virtusadvocats.com\/fr\/wp-json\/wp\/v2\/pages\/83\/revisions\/1202"}],"wp:featuredmedia":[{"embeddable":true,"href":"https:\/\/www.virtusadvocats.com\/fr\/wp-json\/wp\/v2\/media\/128"}],"wp:attachment":[{"href":"https:\/\/www.virtusadvocats.com\/fr\/wp-json\/wp\/v2\/media?parent=83"}],"curies":[{"name":"wp","href":"https:\/\/api.w.org\/{rel}","templated":true}]}}